{"id":885,"date":"2026-02-25T12:12:53","date_gmt":"2026-02-25T12:12:53","guid":{"rendered":"https:\/\/musicfestaberystwyth.org\/cwestiynau-cyffredin\/"},"modified":"2026-02-25T12:12:55","modified_gmt":"2026-02-25T12:12:55","slug":"cwestiynau-cyffredin","status":"publish","type":"page","link":"https:\/\/musicfestaberystwyth.org\/cy\/cwestiynau-cyffredin\/","title":{"rendered":"Cwestiynau Cyffredin"},"content":{"rendered":"<p>[et_pb_section fb_built=&#8221;1&#8243; _builder_version=&#8221;4.27.4&#8243; _module_preset=&#8221;default&#8221; background_color=&#8221;gcid-ad629ad7-29bc-4d34-a428-476c380868ee&#8221; custom_padding=&#8221;||50px|||&#8221; global_colors_info=&#8221;{%22gcid-ad629ad7-29bc-4d34-a428-476c380868ee%22:%91%22background_color%22%93}&#8221;][et_pb_row _builder_version=&#8221;4.27.4&#8243; _module_preset=&#8221;default&#8221; width=&#8221;100%&#8221; max_width_tablet=&#8221;90%&#8221; max_width_phone=&#8221;85%&#8221; max_width_last_edited=&#8221;on|phone&#8221; global_colors_info=&#8221;{}&#8221;][et_pb_column type=&#8221;4_4&#8243; _builder_version=&#8221;4.27.4&#8243; _module_preset=&#8221;default&#8221; global_colors_info=&#8221;{}&#8221;][et_pb_heading title=&#8221;Cwestiynau Cyffredin&#8221; _builder_version=&#8221;4.27.4&#8243; _module_preset=&#8221;default&#8221; title_font=&#8221;||||||||&#8221; title_text_color=&#8221;gcid-c22116c1-81a4-4cbf-84dc-c3f928405165&#8243; title_font_size=&#8221;60px&#8221; title_font_size_tablet=&#8221;50px&#8221; title_font_size_phone=&#8221;46px&#8221; title_font_size_last_edited=&#8221;on|phone&#8221; global_colors_info=&#8221;{%22gcid-c22116c1-81a4-4cbf-84dc-c3f928405165%22:%91%22title_text_color%22,%22title_text_color%22%93}&#8221;][\/et_pb_heading][\/et_pb_column][\/et_pb_row][\/et_pb_section][et_pb_section fb_built=&#8221;1&#8243; _builder_version=&#8221;4.27.4&#8243; _module_preset=&#8221;default&#8221; global_colors_info=&#8221;{}&#8221;][et_pb_row _builder_version=&#8221;4.27.4&#8243; _module_preset=&#8221;default&#8221; width=&#8221;100%&#8221; max_width_tablet=&#8221;90%&#8221; max_width_phone=&#8221;85%&#8221; max_width_last_edited=&#8221;on|phone&#8221; custom_margin=&#8221;-29px|auto||auto||&#8221; global_colors_info=&#8221;{}&#8221;][et_pb_column type=&#8221;4_4&#8243; _builder_version=&#8221;4.27.4&#8243; _module_preset=&#8221;default&#8221; global_colors_info=&#8221;{}&#8221;][et_pb_heading title=&#8221;Cwestiynau Cyffredin&#8221; _builder_version=&#8221;4.27.4&#8243; _module_preset=&#8221;default&#8221; title_level=&#8221;h2&#8243; title_font=&#8221;||||||||&#8221; title_text_color=&#8221;#222B52&#8243; title_font_size=&#8221;50px&#8221; title_font_size_tablet=&#8221;40px&#8221; title_font_size_phone=&#8221;36px&#8221; title_font_size_last_edited=&#8221;on|phone&#8221; global_colors_info=&#8221;{}&#8221;][\/et_pb_heading][et_pb_accordion open_toggle_text_color=&#8221;#222B52&#8243; open_toggle_background_color=&#8221;#f4f4f4&#8243; closed_toggle_text_color=&#8221;#222B52&#8243; icon_color=&#8221;#222B52&#8243; use_icon_font_size=&#8221;on&#8221; icon_font_size=&#8221;18px&#8221; _builder_version=&#8221;4.27.4&#8243; _module_preset=&#8221;default&#8221; toggle_text_color=&#8221;#222B52&#8243; toggle_font=&#8221;|600|||||||&#8221; toggle_font_size=&#8221;18px&#8221; toggle_line_height=&#8221;1.4em&#8221; closed_toggle_font=&#8221;|600|||||||&#8221; closed_toggle_font_size=&#8221;18px&#8221; closed_toggle_line_height=&#8221;1.4em&#8221; hover_enabled=&#8221;0&#8243; body_font_size_tablet=&#8221;&#8221; body_font_size_phone=&#8221;&#8221; body_font_size_last_edited=&#8221;on|desktop&#8221; global_colors_info=&#8221;{}&#8221; sticky_enabled=&#8221;0&#8243;][et_pb_accordion_item title=&#8221;Your Title Goes Here&#8221; _builder_version=&#8221;4.27.4&#8243; _module_preset=&#8221;default&#8221; custom_css_main_element=&#8221;selector {||  display: none;||}&#8221; custom_css_free_form=&#8221;selector {||  display: none;||}&#8221; global_colors_info=&#8221;{}&#8221; open=&#8221;off&#8221;]<\/p>\n<p>Your content goes here. Edit or remove this text inline or in the module Content settings. You can also style every aspect of this content in the module Design settings and even apply custom CSS to this text in the module Advanced settings.<\/p>\n<p>[\/et_pb_accordion_item][et_pb_accordion_item title=&#8221;Pa lefel sydd angen i mi fod i gymryd rhan mewn cwrs? &#8221; open=&#8221;on&#8221; open_toggle_text_color=&#8221;#222B52&#8243; icon_color=&#8221;gcid-0157c9e8-50f8-41bb-b9f9-1f2c22f48581&#8243; toggle_icon=&#8221;&#x3b;||divi||400&#8243; _builder_version=&#8221;4.27.4&#8243; _module_preset=&#8221;default&#8221; hover_enabled=&#8221;0&#8243; border_radii=&#8221;on|3px|3px|3px|3px&#8221; border_width_all=&#8221;0px&#8221; global_colors_info=&#8221;{%22gcid-0157c9e8-50f8-41bb-b9f9-1f2c22f48581%22:%91%22icon_color%22%93}&#8221; toggle_text_color=&#8221;#222B52&#8243; toggle_font=&#8221;||||||||&#8221; toggle_font_size=&#8221;18px&#8221; sticky_enabled=&#8221;0&#8243;]<\/p>\n<p>Darperir ar gyfer pob gallu cerddorol, o fyfyrwyr canolradd (gradd 7) i fyfyrwyr \u00f4l-raddedig a myfyrwyr aeddfed. Mae detholiad o&#8217;n cyrsiau ysgol haf wedi&#8217;u cynllunio&#8217;n benodol ar gyfer cerddorion uwch sy&#8217;n dilyn gyrfa mewn cerddoriaeth. Mae proses ddethol ar gyfer y cyrsiau hyn: manylion llawn ar-lein.<\/p>\n<p>[\/et_pb_accordion_item][et_pb_accordion_item title=&#8221;Ar gyfer pa oedrannau mae cyrsiau&apos;r Ysgol Haf?&#8221; open_toggle_text_color=&#8221;#222B52&#8243; icon_color=&#8221;gcid-0157c9e8-50f8-41bb-b9f9-1f2c22f48581&#8243; toggle_icon=&#8221;&#x3b;||divi||400&#8243; _builder_version=&#8221;4.27.4&#8243; _module_preset=&#8221;default&#8221; border_radii=&#8221;on|3px|3px|3px|3px&#8221; border_width_all=&#8221;0px&#8221; toggle_text_color=&#8221;#222B52&#8243; toggle_font=&#8221;||||||||&#8221; toggle_font_size=&#8221;18px&#8221; open=&#8221;off&#8221; global_colors_info=&#8221;{%22gcid-0157c9e8-50f8-41bb-b9f9-1f2c22f48581%22:%91%22icon_color%22,%22icon_color%22%93,%22gcid-ad629ad7-29bc-4d34-a428-476c380868ee%22:%91%22toggle_text_color%22,%22open_toggle_text_color%22%93}&#8221;]<\/p>\n<p>Nid oes terfyn oedran ar unrhyw un o gyrsiau&#8217;r Ysgol Haf. Addysgir cyrsiau mewn arddull \u00a0addas ar gyfer oedolion a dylai myfyrwyr ifanc ddisgwyl rhannu sesiynau a chydweithio \u00e2 cherddorion sy&#8217;n oedolion. Mae&#8217;n fater i bob rhiant benderfynu a ydynt yn teimlo bod hyn yn addas i&#8217;w plentyn.<\/p>\n<p><\/p>\n<p>Rydym yn croesawu myfyrwyr iau, ond rhaid iddynt fod wedi cyrraedd gradd 7 neu 8. Mae&#8217;n ofynnol i fyfyrwyr 16-18 oed ddod \u00e2 rhiant neu warcheidwad. I&#8217;r rhai dros 18 oed, nid oes angen dod a rhiant gyda nhw.<\/p>\n<p><\/p>\n<p>Gall myfyrwyr rhwng 16-18 oed gael eu goruchwylio gan riant t\u0177 cymwys.<\/p>\n<p>[\/et_pb_accordion_item][et_pb_accordion_item title=&#8221;Beth yw&apos;r amserlen ddyddiol?&#8221; open_toggle_text_color=&#8221;#222B52&#8243; icon_color=&#8221;gcid-0157c9e8-50f8-41bb-b9f9-1f2c22f48581&#8243; toggle_icon=&#8221;&#x3b;||divi||400&#8243; _builder_version=&#8221;4.27.4&#8243; _module_preset=&#8221;default&#8221; border_radii=&#8221;on|3px|3px|3px|3px&#8221; border_width_all=&#8221;0px&#8221; toggle_text_color=&#8221;#222B52&#8243; toggle_font=&#8221;||||||||&#8221; toggle_font_size=&#8221;18px&#8221; open=&#8221;off&#8221; global_colors_info=&#8221;{%22gcid-0157c9e8-50f8-41bb-b9f9-1f2c22f48581%22:%91%22icon_color%22,%22icon_color%22%93,%22gcid-ad629ad7-29bc-4d34-a428-476c380868ee%22:%91%22toggle_text_color%22,%22open_toggle_text_color%22%93}&#8221;]<\/p>\n<p>Mae&#8217;r Ysgol Haf yn dilyn strwythur sesiynau wedi&#8217;u hamserlennu, sy\u2019n caniat\u00e1u i bob cyfranogwr lunio amserlen wedi teilwra i&#8217;w diddordeb a&#8217;u hegni personol. Hysbysebir yr amserlen ar gyfer pob cwrs ar ein gwefan, a bydd manylion llawn yn cael eu hamlinellu yn eich pecyn cwrs ar \u00f4l derbyn eich lle.<\/p>\n<p>[\/et_pb_accordion_item][et_pb_accordion_item title=&#8221;Pa fformat fydd fy nghwrs yn ei gymryd?&#8221; open_toggle_text_color=&#8221;#222B52&#8243; icon_color=&#8221;gcid-0157c9e8-50f8-41bb-b9f9-1f2c22f48581&#8243; toggle_icon=&#8221;&#x3b;||divi||400&#8243; _builder_version=&#8221;4.27.4&#8243; _module_preset=&#8221;default&#8221; border_radii=&#8221;on|3px|3px|3px|3px&#8221; border_width_all=&#8221;0px&#8221; toggle_text_color=&#8221;#222B52&#8243; toggle_font=&#8221;||||||||&#8221; toggle_font_size=&#8221;18px&#8221; open=&#8221;off&#8221; global_colors_info=&#8221;{%22gcid-0157c9e8-50f8-41bb-b9f9-1f2c22f48581%22:%91%22icon_color%22,%22icon_color%22%93,%22gcid-ad629ad7-29bc-4d34-a428-476c380868ee%22:%91%22toggle_text_color%22,%22open_toggle_text_color%22%93}&#8221;]<\/p>\n<p>Mae ein holl gyrsiau&#8217;n rhedeg yn wahanol, pob un gyda&#8217;u strwythur a&#8217;u fformat addysgu eu hunain. Bydd rhai ar ffurf sesiynau gwaith gr\u0175p, tra bod eraill yn debycach i ddosbarth meistr traddodiadol, mae rhai\u2019n gwneud bach o\u2019r ddau. I gael gwybodaeth fanwl am strwythur ac arddull addysgu cwrs penodol, gweler y rhestrau cyrsiau neu cysylltwch \u00e2 gweinyddwr ein G\u0175yl.<\/p>\n<p>[\/et_pb_accordion_item][et_pb_accordion_item title=&#8221;Faint o amser addysgu y byddaf yn ei gael yn ystod yr wythnos?&#8221; open_toggle_text_color=&#8221;#222B52&#8243; icon_color=&#8221;gcid-0157c9e8-50f8-41bb-b9f9-1f2c22f48581&#8243; toggle_icon=&#8221;&#x3b;||divi||400&#8243; _builder_version=&#8221;4.27.4&#8243; _module_preset=&#8221;default&#8221; border_radii=&#8221;on|3px|3px|3px|3px&#8221; border_width_all=&#8221;0px&#8221; toggle_text_color=&#8221;#222B52&#8243; toggle_font=&#8221;||||||||&#8221; toggle_font_size=&#8221;18px&#8221; open=&#8221;off&#8221; global_colors_info=&#8221;{%22gcid-0157c9e8-50f8-41bb-b9f9-1f2c22f48581%22:%91%22icon_color%22,%22icon_color%22%93,%22gcid-ad629ad7-29bc-4d34-a428-476c380868ee%22:%91%22toggle_text_color%22,%22open_toggle_text_color%22%93}&#8221;]<\/p>\n<p>Yn amlach na pheidio, mae ein cyrsiau&#8217;n dechrau am 9.30am ar y dyddiad cychwyn ac yn gorffen dim hwyrach na 5.30pm. Er hyn, nodwch y bydd faint o amser addysgu yn amrywio yn dibynnu ar y cyrsiau rydych chi&#8217;n dewis eu dilyn. Os oes gennych unrhyw gwestiynau am fformat y cwrs rydych chi wedi&#8217;i ddewis, gweler y rhestrau cyrsiau neu cysylltwch \u00e2 gweinyddwr ein G\u0175yl.<\/p>\n<p>[\/et_pb_accordion_item][et_pb_accordion_item title=&#8221;A fydd fy nghwrs yn cynnwys perfformiad?&#8221; open_toggle_text_color=&#8221;#222B52&#8243; icon_color=&#8221;gcid-0157c9e8-50f8-41bb-b9f9-1f2c22f48581&#8243; toggle_icon=&#8221;&#x3b;||divi||400&#8243; _builder_version=&#8221;4.27.4&#8243; _module_preset=&#8221;default&#8221; border_radii=&#8221;on|3px|3px|3px|3px&#8221; border_width_all=&#8221;0px&#8221; toggle_text_color=&#8221;#222B52&#8243; toggle_font=&#8221;||||||||&#8221; toggle_font_size=&#8221;18px&#8221; open=&#8221;off&#8221; global_colors_info=&#8221;{%22gcid-0157c9e8-50f8-41bb-b9f9-1f2c22f48581%22:%91%22icon_color%22,%22icon_color%22%93,%22gcid-ad629ad7-29bc-4d34-a428-476c380868ee%22:%91%22toggle_text_color%22,%22open_toggle_text_color%22%93}&#8221;]<\/p>\n<p>Mae rhai cyrsiau&#8217;n cynnig cyfleoedd perfformio fel uchafbwynt yr wythnos, ac mae llawer o arweinwyr y cyrsiau&#8217;n dewis cynnal cyflwyniadau anffurfiol o waith y myfyrwyr yn y sesiynau olaf. Gellir dod o hyd i fanylion am hyn yn y disgrifiadau cars.<\/p>\n<p>[\/et_pb_accordion_item][et_pb_accordion_item title=&#8221;Lle bydd fy nghwrs yn cael ei gynnal eleni?&#8221; open_toggle_text_color=&#8221;#222B52&#8243; icon_color=&#8221;gcid-0157c9e8-50f8-41bb-b9f9-1f2c22f48581&#8243; toggle_icon=&#8221;&#x3b;||divi||400&#8243; _builder_version=&#8221;4.27.4&#8243; _module_preset=&#8221;default&#8221; border_radii=&#8221;on|3px|3px|3px|3px&#8221; border_width_all=&#8221;0px&#8221; toggle_text_color=&#8221;#222B52&#8243; toggle_font=&#8221;||||||||&#8221; toggle_font_size=&#8221;18px&#8221; open=&#8221;off&#8221; global_colors_info=&#8221;{%22gcid-0157c9e8-50f8-41bb-b9f9-1f2c22f48581%22:%91%22icon_color%22,%22icon_color%22%93,%22gcid-ad629ad7-29bc-4d34-a428-476c380868ee%22:%91%22toggle_text_color%22,%22open_toggle_text_color%22%93}&#8221;]<\/p>\n<p>Bydd Ysgol Haf 2022 yn cael ei chynnal yn rhithiol ac ar wefan cyfarfodydd fideo boblogaidd. Bydd manylion llawn sut i gael mynediad at y sesiynau hyn yn cael eu rhoi ar dderbyn eich lle mewn cwrs, a bydd pecyn cwrs manwl yn cael ei anfon.<\/p>\n<p>[\/et_pb_accordion_item][et_pb_accordion_item title=&#8221;Cefais fy nerbyn ar gwrs Ysgol Haf mewn blwyddyn flaenorol &#8211; oes angen i mi wneud cais eto?&#8221; open_toggle_text_color=&#8221;#222B52&#8243; icon_color=&#8221;gcid-0157c9e8-50f8-41bb-b9f9-1f2c22f48581&#8243; toggle_icon=&#8221;&#x3b;||divi||400&#8243; _builder_version=&#8221;4.27.4&#8243; _module_preset=&#8221;default&#8221; border_radii=&#8221;on|3px|3px|3px|3px&#8221; border_width_all=&#8221;0px&#8221; toggle_text_color=&#8221;#222B52&#8243; toggle_font=&#8221;||||||||&#8221; toggle_font_size=&#8221;18px&#8221; open=&#8221;off&#8221; global_colors_info=&#8221;{%22gcid-0157c9e8-50f8-41bb-b9f9-1f2c22f48581%22:%91%22icon_color%22,%22icon_color%22%93,%22gcid-ad629ad7-29bc-4d34-a428-476c380868ee%22:%91%22toggle_text_color%22,%22open_toggle_text_color%22%93}&#8221;]<\/p>\n<p>Oes. Caiff ymgeiswyr eu gwerthuso bob blwyddyn gan diwtor y cwrs a fydd yn dewis myfyrwyr yn seiliedig ar rinweddau&#8217;r cais.<\/p>\n<p>[\/et_pb_accordion_item][et_pb_accordion_item title=&#8221;A allaf ddilyn cwrs gwahanol bob dydd?&#8221; open_toggle_text_color=&#8221;#222B52&#8243; icon_color=&#8221;gcid-0157c9e8-50f8-41bb-b9f9-1f2c22f48581&#8243; toggle_icon=&#8221;&#x3b;||divi||400&#8243; _builder_version=&#8221;4.27.4&#8243; _module_preset=&#8221;default&#8221; border_radii=&#8221;on|3px|3px|3px|3px&#8221; border_width_all=&#8221;0px&#8221; toggle_text_color=&#8221;#222B52&#8243; toggle_font=&#8221;||||||||&#8221; toggle_font_size=&#8221;18px&#8221; open=&#8221;off&#8221; global_colors_info=&#8221;{%22gcid-0157c9e8-50f8-41bb-b9f9-1f2c22f48581%22:%91%22icon_color%22,%22icon_color%22%93,%22gcid-ad629ad7-29bc-4d34-a428-476c380868ee%22:%91%22toggle_text_color%22,%22open_toggle_text_color%22%93}&#8221;]<\/p>\n<p>Mae pob un o&#8217;r prif gyrsiau yn yr Ysgol Haf yn rhedeg am yr wythnos gyfan, nid yw&#8217;n bosibl dilyn gwahanol gyrsiau o ddydd i ddydd.<\/p>\n<p>[\/et_pb_accordion_item][et_pb_accordion_item title=&#8221;Oes angen i mi ddod ag offeryn?&#8221; open_toggle_text_color=&#8221;#222B52&#8243; icon_color=&#8221;gcid-0157c9e8-50f8-41bb-b9f9-1f2c22f48581&#8243; toggle_icon=&#8221;&#x3b;||divi||400&#8243; _builder_version=&#8221;4.27.4&#8243; _module_preset=&#8221;default&#8221; border_radii=&#8221;on|3px|3px|3px|3px&#8221; border_width_all=&#8221;0px&#8221; toggle_text_color=&#8221;#222B52&#8243; toggle_font=&#8221;||||||||&#8221; toggle_font_size=&#8221;18px&#8221; open=&#8221;off&#8221; global_colors_info=&#8221;{%22gcid-0157c9e8-50f8-41bb-b9f9-1f2c22f48581%22:%91%22icon_color%22,%22icon_color%22%93,%22gcid-ad629ad7-29bc-4d34-a428-476c380868ee%22:%91%22toggle_text_color%22,%22open_toggle_text_color%22%93}&#8221;]<\/p>\n<p>Fel rheol gyffredinol, os byddai disgwyl i chi ddod \u00e2&#8217;ch offeryn i gyngerdd fel perfformiwr, bydd angen i chi ddod ag ef i&#8217;r Ysgol Haf. Er enghraifft, bydd angen i chwaraewr sielo ddod \u00e2&#8217;i offeryn gyda nhw, ond gall pianydd ddisgwyl cael offeryn wedi\u2019i ddarparu.<\/p>\n<p>[\/et_pb_accordion_item][et_pb_accordion_item title=&#8221;Oes angen i mi ddod \u00e2 stand gerddoriaeth?&#8221; open_toggle_text_color=&#8221;#222B52&#8243; icon_color=&#8221;gcid-0157c9e8-50f8-41bb-b9f9-1f2c22f48581&#8243; toggle_icon=&#8221;&#x3b;||divi||400&#8243; _builder_version=&#8221;4.27.4&#8243; _module_preset=&#8221;default&#8221; border_radii=&#8221;on|3px|3px|3px|3px&#8221; border_width_all=&#8221;0px&#8221; toggle_text_color=&#8221;#222B52&#8243; toggle_font=&#8221;||||||||&#8221; toggle_font_size=&#8221;18px&#8221; open=&#8221;off&#8221; global_colors_info=&#8221;{%22gcid-0157c9e8-50f8-41bb-b9f9-1f2c22f48581%22:%91%22icon_color%22,%22icon_color%22%93,%22gcid-ad629ad7-29bc-4d34-a428-476c380868ee%22:%91%22toggle_text_color%22,%22open_toggle_text_color%22%93}&#8221;]<\/p>\n<p>Oes, rydym yn gofyn i bob cyfranogwr cwrs .<\/p>\n<p>[\/et_pb_accordion_item][et_pb_accordion_item title=&#8221;Oes angen i mi brynu cerddoriaeth ar gyfer fy nghyrsiau?&#8221; open_toggle_text_color=&#8221;#222B52&#8243; icon_color=&#8221;gcid-0157c9e8-50f8-41bb-b9f9-1f2c22f48581&#8243; toggle_icon=&#8221;&#x3b;||divi||400&#8243; _builder_version=&#8221;4.27.4&#8243; _module_preset=&#8221;default&#8221; border_radii=&#8221;on|3px|3px|3px|3px&#8221; border_width_all=&#8221;0px&#8221; toggle_text_color=&#8221;#222B52&#8243; toggle_font=&#8221;||||||||&#8221; toggle_font_size=&#8221;18px&#8221; open=&#8221;off&#8221; global_colors_info=&#8221;{%22gcid-0157c9e8-50f8-41bb-b9f9-1f2c22f48581%22:%91%22icon_color%22,%22icon_color%22%93,%22gcid-ad629ad7-29bc-4d34-a428-476c380868ee%22:%91%22toggle_text_color%22,%22open_toggle_text_color%22%93}&#8221;]<\/p>\n<p>Mae rhai cyrsiau&#8217;n gofyn i gyfranogwyr ddefnyddio cerddoriaeth benodol. Bydd Musicfest Aberystwyth yn darparu cop\u00efau o&#8217;r sgoriau cerddoriaeth sydd eu hangen, pan fo&#8217;n berthnasol.<\/p>\n<p>[\/et_pb_accordion_item][et_pb_accordion_item title=&#8221;Beth ddylwn i ei wneud os byddaf yn newid fy meddwl am gwrs?&#8221; open_toggle_text_color=&#8221;#222B52&#8243; icon_color=&#8221;gcid-0157c9e8-50f8-41bb-b9f9-1f2c22f48581&#8243; toggle_icon=&#8221;&#x3b;||divi||400&#8243; _builder_version=&#8221;4.27.4&#8243; _module_preset=&#8221;default&#8221; border_radii=&#8221;on|3px|3px|3px|3px&#8221; border_width_all=&#8221;0px&#8221; toggle_text_color=&#8221;#222B52&#8243; toggle_font=&#8221;||||||||&#8221; toggle_font_size=&#8221;18px&#8221; open=&#8221;off&#8221; global_colors_info=&#8221;{%22gcid-0157c9e8-50f8-41bb-b9f9-1f2c22f48581%22:%91%22icon_color%22,%22icon_color%22%93,%22gcid-ad629ad7-29bc-4d34-a428-476c380868ee%22:%91%22toggle_text_color%22,%22open_toggle_text_color%22%93}&#8221;]<\/p>\n<p>Os penderfynwch cyn yr \u0175yl eich bod am newid un o&#8217;ch cyrsiau, cysylltwch \u00e2 gweinyddwr ein G\u0175yl a fydd yn gallu rhoi cyngor ar y m<\/p>\n<p>[\/et_pb_accordion_item][et_pb_accordion_item title=&#8221;Alla i ddim mynychu&apos;r \u0175yl mwyach, beth ddylwn i ei wneud? Allaf i gael ad-daliad?&#8221; open_toggle_text_color=&#8221;#222B52&#8243; icon_color=&#8221;gcid-0157c9e8-50f8-41bb-b9f9-1f2c22f48581&#8243; toggle_icon=&#8221;&#x3b;||divi||400&#8243; _builder_version=&#8221;4.27.4&#8243; _module_preset=&#8221;default&#8221; border_radii=&#8221;on|3px|3px|3px|3px&#8221; border_width_all=&#8221;0px&#8221; toggle_text_color=&#8221;#222B52&#8243; toggle_font=&#8221;||||||||&#8221; toggle_font_size=&#8221;18px&#8221; open=&#8221;off&#8221; global_colors_info=&#8221;{%22gcid-0157c9e8-50f8-41bb-b9f9-1f2c22f48581%22:%91%22icon_color%22,%22icon_color%22%93,%22gcid-ad629ad7-29bc-4d34-a428-476c380868ee%22:%91%22toggle_text_color%22,%22open_toggle_text_color%22%93}&#8221;]<\/p>\n<p>Mae croeso i chi ymgynghori \u00e2&#8217;n Telerau ac Amodau am wybodaeth lawn ar weithdrefnau canslo.<\/p>\n<p>[\/et_pb_accordion_item][et_pb_accordion_item title=&#8221;Pryd mae archebion yn cau?&#8221; open_toggle_text_color=&#8221;#222B52&#8243; icon_color=&#8221;gcid-0157c9e8-50f8-41bb-b9f9-1f2c22f48581&#8243; toggle_icon=&#8221;&#x3b;||divi||400&#8243; _builder_version=&#8221;4.27.4&#8243; _module_preset=&#8221;default&#8221; border_radii=&#8221;on|3px|3px|3px|3px&#8221; border_width_all=&#8221;0px&#8221; toggle_text_color=&#8221;#222B52&#8243; toggle_font=&#8221;||||||||&#8221; toggle_font_size=&#8221;18px&#8221; open=&#8221;off&#8221; global_colors_info=&#8221;{%22gcid-0157c9e8-50f8-41bb-b9f9-1f2c22f48581%22:%91%22icon_color%22,%22icon_color%22%93,%22gcid-ad629ad7-29bc-4d34-a428-476c380868ee%22:%91%22toggle_text_color%22,%22open_toggle_text_color%22%93}&#8221;]<\/p>\n<p>Mae archebion ar gyfer cyrsiau ar agor tan ddechrau pob wythnos. Bydd llawer o gyrsiau&#8217;n llenwi&#8217;n gynnar, weithiau mor gynnar \u00e2 mis Mai mewn blwyddyn benodol ar gyfer y cyrsiau mwyaf poblogaidd. Rydym yn argymell archebu cyn gynted ag y byddwch yn barod i gadarnhau eich cynlluniau.<\/p>\n<p>[\/et_pb_accordion_item][et_pb_accordion_item title=&#8221;Sut ydw i&apos;n archebu fy nghwrs?&#8221; open_toggle_text_color=&#8221;#222B52&#8243; icon_color=&#8221;gcid-0157c9e8-50f8-41bb-b9f9-1f2c22f48581&#8243; toggle_icon=&#8221;&#x3b;||divi||400&#8243; _builder_version=&#8221;4.27.4&#8243; _module_preset=&#8221;default&#8221; border_radii=&#8221;on|3px|3px|3px|3px&#8221; border_width_all=&#8221;0px&#8221; toggle_text_color=&#8221;#222B52&#8243; toggle_font=&#8221;||||||||&#8221; toggle_font_size=&#8221;18px&#8221; open=&#8221;off&#8221; global_colors_info=&#8221;{%22gcid-0157c9e8-50f8-41bb-b9f9-1f2c22f48581%22:%91%22icon_color%22,%22icon_color%22%93,%22gcid-ad629ad7-29bc-4d34-a428-476c380868ee%22:%91%22toggle_text_color%22,%22open_toggle_text_color%22%93}&#8221;]<\/p>\n<p>Gellir archebu cyrsiau ar-lein trwy wefan Aberystwyth Musicfest. Unwaith y bydd eich archeb wedi&#8217;i chwblhau, bydd cynrychiolydd o Aberystwyth Musicfest yn cysylltu \u00e2 chi o fewn wythnos i gadarnhau eich mynediad.<\/p>\n<p>[\/et_pb_accordion_item][et_pb_accordion_item title=&#8221;A oes ad-daliad ar gael?&#8221; open_toggle_text_color=&#8221;#222B52&#8243; icon_color=&#8221;gcid-0157c9e8-50f8-41bb-b9f9-1f2c22f48581&#8243; toggle_icon=&#8221;&#x3b;||divi||400&#8243; _builder_version=&#8221;4.27.4&#8243; _module_preset=&#8221;default&#8221; border_radii=&#8221;on|3px|3px|3px|3px&#8221; border_width_all=&#8221;0px&#8221; toggle_text_color=&#8221;#222B52&#8243; toggle_font=&#8221;||||||||&#8221; toggle_font_size=&#8221;18px&#8221; open=&#8221;off&#8221; global_colors_info=&#8221;{%22gcid-0157c9e8-50f8-41bb-b9f9-1f2c22f48581%22:%91%22icon_color%22,%22icon_color%22%93,%22gcid-ad629ad7-29bc-4d34-a428-476c380868ee%22:%91%22toggle_text_color%22,%22open_toggle_text_color%22%93}&#8221;]<\/p>\n<p><strong>Ysgol Haf:<\/strong> Mae ad-daliadau llawn ar gael ar gyfer canslo a wneir cyn 31 Mai, oni bai bod blaendal wedi&#8217;i dalu. Ar \u00f4l 31 Mai, ni ellir ad-dalu unrhyw archebion. Rydym yn argymell bod cyfranogwyr yn cymryd yswiriant gwyliau sy&#8217;n cynnwys gwarchod yn erbyn canslo am gost lawn eu archeb.<\/p>\n<p><\/p>\n<p><strong>Festival Tickets<\/strong>: If you can no longer attend the festival, please visit the Aberystwyth Arts Centre website to request a refund.<\/p>\n<p>[\/et_pb_accordion_item][et_pb_accordion_item title=&#8221;Polisi Ad-dalu G\u0175yl&#8221; open_toggle_text_color=&#8221;#222B52&#8243; icon_color=&#8221;gcid-0157c9e8-50f8-41bb-b9f9-1f2c22f48581&#8243; toggle_icon=&#8221;&#x3b;||divi||400&#8243; _builder_version=&#8221;4.27.4&#8243; _module_preset=&#8221;default&#8221; border_radii=&#8221;on|3px|3px|3px|3px&#8221; border_width_all=&#8221;0px&#8221; toggle_text_color=&#8221;#222B52&#8243; toggle_font=&#8221;||||||||&#8221; toggle_font_size=&#8221;18px&#8221; open=&#8221;off&#8221; global_colors_info=&#8221;{%22gcid-0157c9e8-50f8-41bb-b9f9-1f2c22f48581%22:%91%22icon_color%22,%22icon_color%22%93,%22gcid-ad629ad7-29bc-4d34-a428-476c380868ee%22:%91%22toggle_text_color%22,%22open_toggle_text_color%22,%22body_link_text_color%22%93}&#8221;]<\/p>\n<p>Os oherwydd unrhyw reswm ni allwch fynd i&#8217;r \u0175yl mwyach ac rydych wedi prynu tocyn, ewch i wefan Canolfan Celf Aberystwyth i gael ad-daliad.<\/p>\n<p>[\/et_pb_accordion_item][et_pb_accordion_item title=&#8221;Pa lefel sydd angen i mi fod i gymryd rhan mewn cwrs? &#8221; open_toggle_text_color=&#8221;#222B52&#8243; icon_color=&#8221;gcid-0157c9e8-50f8-41bb-b9f9-1f2c22f48581&#8243; toggle_icon=&#8221;&#x3b;||divi||400&#8243; _builder_version=&#8221;4.27.4&#8243; _module_preset=&#8221;default&#8221; border_radii=&#8221;on|3px|3px|3px|3px&#8221; border_width_all=&#8221;0px&#8221; toggle_text_color=&#8221;#222B52&#8243; toggle_font=&#8221;||||||||&#8221; toggle_font_size=&#8221;18px&#8221; open=&#8221;off&#8221; global_colors_info=&#8221;{%22gcid-0157c9e8-50f8-41bb-b9f9-1f2c22f48581%22:%91%22icon_color%22,%22icon_color%22%93,%22gcid-ad629ad7-29bc-4d34-a428-476c380868ee%22:%91%22toggle_text_color%22,%22open_toggle_text_color%22,%22body_link_text_color%22%93}&#8221;]<\/p>\n<p>Rhaid i gyfranogwyr fod yn radd chwech neu uwch i ymuno \u00e2&#8217;r cwrs.<\/p>\n<p>[\/et_pb_accordion_item][et_pb_accordion_item title=&#8221;Ar gyfer pa oedrannau mae&apos;r cyrsiau?&#8221; open_toggle_text_color=&#8221;#222B52&#8243; icon_color=&#8221;gcid-0157c9e8-50f8-41bb-b9f9-1f2c22f48581&#8243; toggle_icon=&#8221;&#x3b;||divi||400&#8243; _builder_version=&#8221;4.27.4&#8243; _module_preset=&#8221;default&#8221; border_radii=&#8221;on|3px|3px|3px|3px&#8221; border_width_all=&#8221;0px&#8221; toggle_text_color=&#8221;#222B52&#8243; toggle_font=&#8221;||||||||&#8221; toggle_font_size=&#8221;18px&#8221; open=&#8221;off&#8221; global_colors_info=&#8221;{%22gcid-0157c9e8-50f8-41bb-b9f9-1f2c22f48581%22:%91%22icon_color%22,%22icon_color%22%93,%22gcid-ad629ad7-29bc-4d34-a428-476c380868ee%22:%91%22toggle_text_color%22,%22open_toggle_text_color%22,%22body_link_text_color%22%93}&#8221;]<\/p>\n<p>Rydym yn croesawu myfyrwyr iau, ond rhaid iddynt fod wedi cyrraedd gradd 7 neu 8. Mae&#8217;n ofynnol i fyfyrwyr 16-18 oed ddod \u00e2 rhiant neu warcheidwad. I&#8217;r rhai dros 18 oed, nid oes angen rhiant gyda nhw.<\/p>\n<p>[\/et_pb_accordion_item][et_pb_accordion_item title=&#8221;A yw llety wedi&apos;i gynnwys?&#8221; open_toggle_text_color=&#8221;#222B52&#8243; icon_color=&#8221;gcid-0157c9e8-50f8-41bb-b9f9-1f2c22f48581&#8243; toggle_icon=&#8221;&#x3b;||divi||400&#8243; _builder_version=&#8221;4.27.4&#8243; _module_preset=&#8221;default&#8221; border_radii=&#8221;on|3px|3px|3px|3px&#8221; border_width_all=&#8221;0px&#8221; toggle_text_color=&#8221;#222B52&#8243; toggle_font=&#8221;||||||||&#8221; toggle_font_size=&#8221;18px&#8221; open=&#8221;off&#8221; global_colors_info=&#8221;{%22gcid-0157c9e8-50f8-41bb-b9f9-1f2c22f48581%22:%91%22icon_color%22,%22icon_color%22%93,%22gcid-ad629ad7-29bc-4d34-a428-476c380868ee%22:%91%22toggle_text_color%22,%22open_toggle_text_color%22,%22body_link_text_color%22%93}&#8221;]<\/p>\n<p>Na, nid yw llety wedi&#8217;i gynnwys a rhaid ei archebu ar wah\u00e2n trwy&#8217;r brifysgol. Ewch i&#8217;r dudalen llety am ragor o wybodaeth.<\/p>\n<p>[\/et_pb_accordion_item][et_pb_accordion_item title=&#8221;Pryd alla i gofrestru?&#8221; open_toggle_text_color=&#8221;#222B52&#8243; icon_color=&#8221;gcid-0157c9e8-50f8-41bb-b9f9-1f2c22f48581&#8243; toggle_icon=&#8221;&#x3b;||divi||400&#8243; _builder_version=&#8221;4.27.4&#8243; _module_preset=&#8221;default&#8221; border_radii=&#8221;on|3px|3px|3px|3px&#8221; border_width_all=&#8221;0px&#8221; toggle_text_color=&#8221;#222B52&#8243; toggle_font=&#8221;||||||||&#8221; toggle_font_size=&#8221;18px&#8221; open=&#8221;off&#8221; global_colors_info=&#8221;{%22gcid-0157c9e8-50f8-41bb-b9f9-1f2c22f48581%22:%91%22icon_color%22,%22icon_color%22%93,%22gcid-ad629ad7-29bc-4d34-a428-476c380868ee%22:%91%22toggle_text_color%22,%22open_toggle_text_color%22,%22body_link_text_color%22%93}&#8221;]<\/p>\n<p>Mae cofrestru ar gael o 1pm ddydd Sadwrn 18 mis Gorffennaf yng Nghanolfan Gelfyddydau Aberystwyth, sydd wedi&#8217;i lleoli ar gampws y brifysgol wrth ymyl y llety.<\/p>\n<p><\/p>\n<p>Gellir gwneud cofrestru cynnar trwy drefniant unigol.<\/p>\n<p>[\/et_pb_accordion_item][et_pb_accordion_item title=&#8221;A allaf gofrestru&apos;n gynnar?&#8221; open_toggle_text_color=&#8221;#222B52&#8243; icon_color=&#8221;gcid-0157c9e8-50f8-41bb-b9f9-1f2c22f48581&#8243; toggle_icon=&#8221;&#x3b;||divi||400&#8243; _builder_version=&#8221;4.27.4&#8243; _module_preset=&#8221;default&#8221; border_radii=&#8221;on|3px|3px|3px|3px&#8221; border_width_all=&#8221;0px&#8221; toggle_text_color=&#8221;#222B52&#8243; toggle_font=&#8221;||||||||&#8221; toggle_font_size=&#8221;18px&#8221; open=&#8221;off&#8221; global_colors_info=&#8221;{%22gcid-0157c9e8-50f8-41bb-b9f9-1f2c22f48581%22:%91%22icon_color%22,%22icon_color%22%93,%22gcid-ad629ad7-29bc-4d34-a428-476c380868ee%22:%91%22toggle_text_color%22,%22open_toggle_text_color%22,%22body_link_text_color%22%93}&#8221;]<\/p>\n<p>Mae cofrestru&#8217;n gynnar yn bosibl ond dim ond gyda chytundeb ymlaen llaw.<\/p>\n<p>[\/et_pb_accordion_item][et_pb_accordion_item title=&#8221;Pryd mae angen i mi adael?&#8221; open_toggle_text_color=&#8221;#222B52&#8243; icon_color=&#8221;gcid-0157c9e8-50f8-41bb-b9f9-1f2c22f48581&#8243; toggle_icon=&#8221;&#x3b;||divi||400&#8243; _builder_version=&#8221;4.27.4&#8243; _module_preset=&#8221;default&#8221; border_radii=&#8221;on|3px|3px|3px|3px&#8221; border_width_all=&#8221;0px&#8221; toggle_text_color=&#8221;#222B52&#8243; toggle_font=&#8221;||||||||&#8221; toggle_font_size=&#8221;18px&#8221; open=&#8221;off&#8221; global_colors_info=&#8221;{%22gcid-0157c9e8-50f8-41bb-b9f9-1f2c22f48581%22:%91%22icon_color%22,%22icon_color%22%93,%22gcid-ad629ad7-29bc-4d34-a428-476c380868ee%22:%91%22toggle_text_color%22,%22open_toggle_text_color%22,%22body_link_text_color%22%93}&#8221;]<\/p>\n<p>Mae angen gadael erbyn 11 y bore ar 26<sup>th<\/sup> Gorffennaf 2026.<\/p>\n<p>[\/et_pb_accordion_item][et_pb_accordion_item title=&#8221;Beth sydd ar gael yn fy ystafell?&#8221; open_toggle_text_color=&#8221;#222B52&#8243; icon_color=&#8221;gcid-0157c9e8-50f8-41bb-b9f9-1f2c22f48581&#8243; toggle_icon=&#8221;&#x3b;||divi||400&#8243; _builder_version=&#8221;4.27.4&#8243; _module_preset=&#8221;default&#8221; border_radii=&#8221;on|3px|3px|3px|3px&#8221; border_width_all=&#8221;0px&#8221; toggle_text_color=&#8221;#222B52&#8243; toggle_font=&#8221;||||||||&#8221; toggle_font_size=&#8221;18px&#8221; open=&#8221;off&#8221; global_colors_info=&#8221;{%22gcid-0157c9e8-50f8-41bb-b9f9-1f2c22f48581%22:%91%22icon_color%22,%22icon_color%22%93,%22gcid-ad629ad7-29bc-4d34-a428-476c380868ee%22:%91%22toggle_text_color%22,%22open_toggle_text_color%22,%22body_link_text_color%22%93}&#8221;]<\/p>\n<p>Darperir dillad gwely a thywelion ym mhob ystafell. Mae&#8217;r llety&#8217;n hunanarlwyo, gyda chyfleusterau sylfaenol wedi&#8217;u cynnwys. Mae pob ystafell yn un ystafell gydag ystafelloedd ymolchi en-suite &#8211; dim ystafelloedd a rennir.<\/p>\n<p>[\/et_pb_accordion_item][et_pb_accordion_item title=&#8221;A allaf ddod \u00e2 fy anifeiliaid anwes?&#8221; open_toggle_text_color=&#8221;#222B52&#8243; icon_color=&#8221;gcid-0157c9e8-50f8-41bb-b9f9-1f2c22f48581&#8243; toggle_icon=&#8221;&#x3b;||divi||400&#8243; _builder_version=&#8221;4.27.4&#8243; _module_preset=&#8221;default&#8221; border_radii=&#8221;on|3px|3px|3px|3px&#8221; border_width_all=&#8221;0px&#8221; toggle_text_color=&#8221;#222B52&#8243; toggle_font=&#8221;||||||||&#8221; toggle_font_size=&#8221;18px&#8221; open=&#8221;off&#8221; global_colors_info=&#8221;{%22gcid-0157c9e8-50f8-41bb-b9f9-1f2c22f48581%22:%91%22icon_color%22,%22icon_color%22%93,%22gcid-ad629ad7-29bc-4d34-a428-476c380868ee%22:%91%22toggle_text_color%22,%22open_toggle_text_color%22,%22body_link_text_color%22%93}&#8221;]<\/p>\n<p>Yn anffodus ni chaniateir anifeiliaid anwes mewn unrhyw lety prifysgol nac ystafelloedd addysgu.<\/p>\n<p>[\/et_pb_accordion_item][et_pb_accordion_item title=&#8221;Oes gennych chi ystafelloedd gwely hygyrch?&#8221; open_toggle_text_color=&#8221;#222B52&#8243; icon_color=&#8221;gcid-0157c9e8-50f8-41bb-b9f9-1f2c22f48581&#8243; toggle_icon=&#8221;&#x3b;||divi||400&#8243; _builder_version=&#8221;4.27.4&#8243; _module_preset=&#8221;default&#8221; border_radii=&#8221;on|3px|3px|3px|3px&#8221; border_width_all=&#8221;0px&#8221; toggle_text_color=&#8221;#222B52&#8243; toggle_font=&#8221;||||||||&#8221; toggle_font_size=&#8221;18px&#8221; open=&#8221;off&#8221; global_colors_info=&#8221;{%22gcid-0157c9e8-50f8-41bb-b9f9-1f2c22f48581%22:%91%22icon_color%22,%22icon_color%22%93,%22gcid-ad629ad7-29bc-4d34-a428-476c380868ee%22:%91%22toggle_text_color%22,%22open_toggle_text_color%22,%22body_link_text_color%22%93}&#8221;]<\/p>\n<p>Mae gennym ni ddetholiad o ystafelloedd hygyrch gyda chyfleusterau ystafell wlyb. Cofiwch gynnwys gwybodaeth am unrhyw ofynion mynediad gyda&#8217;ch archeb.<\/p>\n<p>[\/et_pb_accordion_item][et_pb_accordion_item title=&#8221;\u00c2 phwy ddylwn i gysylltu ynghylch eiddo coll?&#8221; open_toggle_text_color=&#8221;#222B52&#8243; icon_color=&#8221;gcid-0157c9e8-50f8-41bb-b9f9-1f2c22f48581&#8243; toggle_icon=&#8221;&#x3b;||divi||400&#8243; _builder_version=&#8221;4.27.4&#8243; _module_preset=&#8221;default&#8221; border_radii=&#8221;on|3px|3px|3px|3px&#8221; border_width_all=&#8221;0px&#8221; toggle_text_color=&#8221;#222B52&#8243; toggle_font=&#8221;||||||||&#8221; toggle_font_size=&#8221;18px&#8221; open=&#8221;off&#8221; global_colors_info=&#8221;{%22gcid-0157c9e8-50f8-41bb-b9f9-1f2c22f48581%22:%91%22icon_color%22,%22icon_color%22%93,%22gcid-ad629ad7-29bc-4d34-a428-476c380868ee%22:%91%22toggle_text_color%22,%22open_toggle_text_color%22,%22body_link_text_color%22%93}&#8221;]<\/p>\n<p>Cysylltwch \u00e2 diogelwch y safle yn llety Prifysgol Aberystwyth i gael cymorth gydag eiddo coll.<\/p>\n<p>[\/et_pb_accordion_item][\/et_pb_accordion][\/et_pb_column][\/et_pb_row][et_pb_row _builder_version=&#8221;4.27.4&#8243; _module_preset=&#8221;default&#8221; width=&#8221;100%&#8221; max_width_tablet=&#8221;90%&#8221; max_width_phone=&#8221;85%&#8221; max_width_last_edited=&#8221;on|phone&#8221; custom_margin=&#8221;|auto||auto|false|false&#8221; global_colors_info=&#8221;{}&#8221;][et_pb_column type=&#8221;4_4&#8243; _builder_version=&#8221;4.27.4&#8243; _module_preset=&#8221;default&#8221; global_colors_info=&#8221;{}&#8221;][et_pb_heading title=&#8221;Archebu&#8221; _builder_version=&#8221;4.27.4&#8243; _module_preset=&#8221;default&#8221; title_level=&#8221;h2&#8243; title_font=&#8221;||||||||&#8221; title_text_color=&#8221;#222B52&#8243; title_font_size=&#8221;50px&#8221; title_font_size_tablet=&#8221;40px&#8221; title_font_size_phone=&#8221;36px&#8221; title_font_size_last_edited=&#8221;on|phone&#8221; global_colors_info=&#8221;{%22gcid-ad629ad7-29bc-4d34-a428-476c380868ee%22:%91%22title_text_color%22%93}&#8221;][\/et_pb_heading][et_pb_accordion _builder_version=&#8221;4.27.4&#8243; _module_preset=&#8221;default&#8221; global_colors_info=&#8221;{}&#8221; open_toggle_text_color=&#8221;#222B52&#8243; open_toggle_background_color=&#8221;#f4f4f4&#8243; closed_toggle_text_color=&#8221;#222B52&#8243; icon_color=&#8221;#222B52&#8243; use_icon_font_size=&#8221;on&#8221; icon_font_size=&#8221;18px&#8221; toggle_text_color=&#8221;#222B52&#8243; toggle_font=&#8221;|600|||||||&#8221; toggle_font_size=&#8221;18px&#8221; toggle_line_height=&#8221;1.4em&#8221; closed_toggle_font=&#8221;|600|||||||&#8221; closed_toggle_font_size=&#8221;18px&#8221; closed_toggle_line_height=&#8221;1.4em&#8221; body_font_size_last_edited=&#8221;on|desktop&#8221;][et_pb_accordion_item title=&#8221;Your Title Goes Here&#8221; open=&#8221;on&#8221; _builder_version=&#8221;4.27.4&#8243; _module_preset=&#8221;default&#8221; custom_css_main_element=&#8221;selector {||  display: none;||}&#8221; custom_css_free_form=&#8221;selector {||  display: none;||}&#8221; global_colors_info=&#8221;{}&#8221;]<\/p>\n<p>Your content goes here. Edit or remove this text inline or in the module Content settings. You can also style every aspect of this content in the module Design settings and even apply custom CSS to this text in the module Advanced settings.<\/p>\n<p>[\/et_pb_accordion_item][et_pb_accordion_item title=&#8221;Sut ydw i&apos;n gwneud fy nhaliad?&#8221; open_toggle_text_color=&#8221;gcid-ad629ad7-29bc-4d34-a428-476c380868ee&#8221; icon_color=&#8221;gcid-0157c9e8-50f8-41bb-b9f9-1f2c22f48581&#8243; toggle_icon=&#8221;&#x3b;||divi||400&#8243; _builder_version=&#8221;4.27.4&#8243; _module_preset=&#8221;default&#8221; body_link_font=&#8221;||||on|||gcid-ad629ad7-29bc-4d34-a428-476c380868ee|&#8221; body_link_text_color=&#8221;gcid-ad629ad7-29bc-4d34-a428-476c380868ee&#8221; border_radii=&#8221;on|3px|3px|3px|3px&#8221; border_width_all=&#8221;0px&#8221; global_colors_info=&#8221;{%22gcid-ad629ad7-29bc-4d34-a428-476c380868ee%22:%91%22toggle_text_color%22,%22open_toggle_text_color%22,%22body_link_text_color%22%93,%22gcid-0157c9e8-50f8-41bb-b9f9-1f2c22f48581%22:%91%22icon_color%22%93}&#8221; toggle_text_color=&#8221;gcid-ad629ad7-29bc-4d34-a428-476c380868ee&#8221; toggle_font=&#8221;|700|||||||&#8221; toggle_font_size=&#8221;25px&#8221; open=&#8221;off&#8221;]<\/p>\n<p>Ar \u00f4l i chi lenwi eich ffurflen archebu, bydd aelod o&#8217;r t\u00eem yn cysylltu \u00e2 chi ac yn anfon anfoneb i&#8217;w chadarnhau. Bydd ein t\u00eem cyfrifon yn cyhoeddi anfoneb am flaendal o \u00a3100, sy&#8217;n daladwy drwy BACS. Unwaith y byddwn yn derbyn eich blaendal, byddwch yn derbyn anfoneb am y balans sy&#8217;n weddill, hefyd yn daladwy drwy BACS. Rhaid talu&#8217;r balans sy&#8217;n weddill erbyn dydd Gwener, 19 Mehefin 2026. Rhaid talu unrhyw archebion a wneir ar \u00f4l y dyddiad hwn yn llawn.<\/p>\n<p>[\/et_pb_accordion_item][et_pb_accordion_item title=&#8221;Ni allaf aros mwyach, beth ddylwn i ei wneud? A allaf gael ad-daliad?&#8221; open_toggle_text_color=&#8221;gcid-ad629ad7-29bc-4d34-a428-476c380868ee&#8221; icon_color=&#8221;gcid-0157c9e8-50f8-41bb-b9f9-1f2c22f48581&#8243; toggle_icon=&#8221;&#x3b;||divi||400&#8243; _builder_version=&#8221;4.27.4&#8243; _module_preset=&#8221;default&#8221; body_link_font=&#8221;||||on|||gcid-ad629ad7-29bc-4d34-a428-476c380868ee|&#8221; body_link_text_color=&#8221;gcid-ad629ad7-29bc-4d34-a428-476c380868ee&#8221; border_radii=&#8221;on|3px|3px|3px|3px&#8221; border_width_all=&#8221;0px&#8221; global_colors_info=&#8221;{%22gcid-ad629ad7-29bc-4d34-a428-476c380868ee%22:%91%22toggle_text_color%22,%22open_toggle_text_color%22,%22body_link_text_color%22%93,%22gcid-0157c9e8-50f8-41bb-b9f9-1f2c22f48581%22:%91%22icon_color%22%93}&#8221; toggle_text_color=&#8221;gcid-ad629ad7-29bc-4d34-a428-476c380868ee&#8221; toggle_font=&#8221;|700|||||||&#8221; toggle_font_size=&#8221;25px&#8221; open=&#8221;off&#8221;]<\/p>\n<p>Ni ellir ad-dalu unrhyw archebion ar \u00f4l 19 Mehefin 2026. Sylwch nad yw&#8217;r blaendal o \u00a3100 yn ad-daladwy chwaith. Rydym yn argymell yn gryf bod pob cyfranogwr yn cymryd yswiriant gwyliau sy&#8217;n cynnwys gwarchod yn erbyn canslo sy&#8217;n hafal i neu&#8217;n fwy na chyfanswm cost eu harcheb. Os ydych chi am ganslo, anfonwch e-bost at musicfest@aber.ac.uk<\/p>\n<p>[\/et_pb_accordion_item][\/et_pb_accordion][\/et_pb_column][\/et_pb_row][et_pb_row _builder_version=&#8221;4.27.4&#8243; _module_preset=&#8221;default&#8221; width=&#8221;100%&#8221; max_width_tablet=&#8221;90%&#8221; max_width_phone=&#8221;85%&#8221; max_width_last_edited=&#8221;on|phone&#8221; custom_margin=&#8221;|auto||auto|false|false&#8221; global_colors_info=&#8221;{}&#8221;][et_pb_column type=&#8221;4_4&#8243; _builder_version=&#8221;4.27.4&#8243; _module_preset=&#8221;default&#8221; global_colors_info=&#8221;{}&#8221;][et_pb_heading title=&#8221;Teithio&#8221; _builder_version=&#8221;4.27.4&#8243; _module_preset=&#8221;default&#8221; title_level=&#8221;h2&#8243; title_font=&#8221;||||||||&#8221; title_text_color=&#8221;#222B52&#8243; title_font_size=&#8221;50px&#8221; title_font_size_tablet=&#8221;40px&#8221; title_font_size_phone=&#8221;36px&#8221; title_font_size_last_edited=&#8221;on|phone&#8221; global_colors_info=&#8221;{%22gcid-ad629ad7-29bc-4d34-a428-476c380868ee%22:%91%22title_text_color%22%93}&#8221;][\/et_pb_heading][et_pb_accordion _builder_version=&#8221;4.27.4&#8243; _module_preset=&#8221;default&#8221; global_colors_info=&#8221;{}&#8221; open_toggle_text_color=&#8221;#222B52&#8243; open_toggle_background_color=&#8221;#f4f4f4&#8243; closed_toggle_text_color=&#8221;#222B52&#8243; icon_color=&#8221;#222B52&#8243; use_icon_font_size=&#8221;on&#8221; icon_font_size=&#8221;18px&#8221; toggle_text_color=&#8221;#222B52&#8243; toggle_font=&#8221;|600|||||||&#8221; toggle_font_size=&#8221;18px&#8221; toggle_line_height=&#8221;1.4em&#8221; closed_toggle_font=&#8221;|600|||||||&#8221; closed_toggle_font_size=&#8221;18px&#8221; closed_toggle_line_height=&#8221;1.4em&#8221; body_font_size_last_edited=&#8221;on|desktop&#8221;][et_pb_accordion_item title=&#8221;Your Title Goes Here&#8221; open=&#8221;on&#8221; _builder_version=&#8221;4.27.4&#8243; _module_preset=&#8221;default&#8221; custom_css_main_element=&#8221;selector {||  display: none;||}&#8221; custom_css_free_form=&#8221;selector {||  display: none;||}&#8221; global_colors_info=&#8221;{}&#8221;]<\/p>\n<p>Your content goes here. Edit or remove this text inline or in the module Content settings. You can also style every aspect of this content in the module Design settings and even apply custom CSS to this text in the module Advanced settings.<\/p>\n<p>[\/et_pb_accordion_item][et_pb_accordion_item title=&#8221;Beth yw&apos;r ffordd orau o gyrraedd Aberystwyth?&#8221; open_toggle_text_color=&#8221;gcid-ad629ad7-29bc-4d34-a428-476c380868ee&#8221; icon_color=&#8221;gcid-0157c9e8-50f8-41bb-b9f9-1f2c22f48581&#8243; toggle_icon=&#8221;&#x3b;||divi||400&#8243; _builder_version=&#8221;4.27.4&#8243; _module_preset=&#8221;default&#8221; body_link_font=&#8221;||||on|||gcid-ad629ad7-29bc-4d34-a428-476c380868ee|&#8221; body_link_text_color=&#8221;gcid-ad629ad7-29bc-4d34-a428-476c380868ee&#8221; border_radii=&#8221;on|3px|3px|3px|3px&#8221; border_width_all=&#8221;0px&#8221; global_colors_info=&#8221;{%22gcid-ad629ad7-29bc-4d34-a428-476c380868ee%22:%91%22toggle_text_color%22,%22open_toggle_text_color%22,%22body_link_text_color%22%93,%22gcid-0157c9e8-50f8-41bb-b9f9-1f2c22f48581%22:%91%22icon_color%22%93}&#8221; toggle_text_color=&#8221;gcid-ad629ad7-29bc-4d34-a428-476c380868ee&#8221; toggle_font=&#8221;|700|||||||&#8221; toggle_font_size=&#8221;25px&#8221; open=&#8221;off&#8221;]<\/p>\n<p>Y ffordd orau o deithio yw ar y tr\u00ean neu&#8217;r car.<\/p>\n<p>[\/et_pb_accordion_item][et_pb_accordion_item title=&#8221;Sut mae parcio yn gweithio yn Ysgol Gerdd Aberystwyth?&#8221; open_toggle_text_color=&#8221;gcid-ad629ad7-29bc-4d34-a428-476c380868ee&#8221; icon_color=&#8221;gcid-0157c9e8-50f8-41bb-b9f9-1f2c22f48581&#8243; toggle_icon=&#8221;&#x3b;||divi||400&#8243; _builder_version=&#8221;4.27.4&#8243; _module_preset=&#8221;default&#8221; body_link_font=&#8221;||||on|||gcid-ad629ad7-29bc-4d34-a428-476c380868ee|&#8221; body_link_text_color=&#8221;gcid-ad629ad7-29bc-4d34-a428-476c380868ee&#8221; border_radii=&#8221;on|3px|3px|3px|3px&#8221; border_width_all=&#8221;0px&#8221; global_colors_info=&#8221;{%22gcid-ad629ad7-29bc-4d34-a428-476c380868ee%22:%91%22toggle_text_color%22,%22open_toggle_text_color%22,%22body_link_text_color%22%93,%22gcid-0157c9e8-50f8-41bb-b9f9-1f2c22f48581%22:%91%22icon_color%22%93}&#8221; toggle_text_color=&#8221;gcid-ad629ad7-29bc-4d34-a428-476c380868ee&#8221; toggle_font=&#8221;|700|||||||&#8221; toggle_font_size=&#8221;25px&#8221; open=&#8221;off&#8221;]<\/p>\n<p>Bydd pawb yn derbyn trwydded barcio wrth gyrraedd.<\/p>\n<p>[\/et_pb_accordion_item][et_pb_accordion_item title=&#8221;Beth yw&apos;r orsaf reilffordd agosaf ar Aberystwyth?&#8221; open_toggle_text_color=&#8221;gcid-ad629ad7-29bc-4d34-a428-476c380868ee&#8221; icon_color=&#8221;gcid-0157c9e8-50f8-41bb-b9f9-1f2c22f48581&#8243; toggle_icon=&#8221;&#x3b;||divi||400&#8243; _builder_version=&#8221;4.27.4&#8243; _module_preset=&#8221;default&#8221; body_link_font=&#8221;||||on|||gcid-ad629ad7-29bc-4d34-a428-476c380868ee|&#8221; body_link_text_color=&#8221;gcid-ad629ad7-29bc-4d34-a428-476c380868ee&#8221; border_radii=&#8221;on|3px|3px|3px|3px&#8221; border_width_all=&#8221;0px&#8221; global_colors_info=&#8221;{%22gcid-ad629ad7-29bc-4d34-a428-476c380868ee%22:%91%22toggle_text_color%22,%22open_toggle_text_color%22,%22body_link_text_color%22%93,%22gcid-0157c9e8-50f8-41bb-b9f9-1f2c22f48581%22:%91%22icon_color%22%93}&#8221; toggle_text_color=&#8221;gcid-ad629ad7-29bc-4d34-a428-476c380868ee&#8221; toggle_font=&#8221;|700|||||||&#8221; toggle_font_size=&#8221;25px&#8221; open=&#8221;off&#8221;]<\/p>\n<p>Gorsaf Reilffordd Aberystwyth<\/p>\n<p><\/p>\n<p>Bydd bws yn casglu myfyrwyr o&#8217;r orsaf.<\/p>\n<p>[\/et_pb_accordion_item][et_pb_accordion_item title=&#8221;Beth yw&apos;r maes awyr agosaf at Aberystwyth?&#8221; open_toggle_text_color=&#8221;gcid-ad629ad7-29bc-4d34-a428-476c380868ee&#8221; icon_color=&#8221;gcid-0157c9e8-50f8-41bb-b9f9-1f2c22f48581&#8243; toggle_icon=&#8221;&#x3b;||divi||400&#8243; _builder_version=&#8221;4.27.4&#8243; _module_preset=&#8221;default&#8221; body_link_font=&#8221;||||on|||gcid-ad629ad7-29bc-4d34-a428-476c380868ee|&#8221; body_link_text_color=&#8221;gcid-ad629ad7-29bc-4d34-a428-476c380868ee&#8221; border_radii=&#8221;on|3px|3px|3px|3px&#8221; border_width_all=&#8221;0px&#8221; global_colors_info=&#8221;{%22gcid-ad629ad7-29bc-4d34-a428-476c380868ee%22:%91%22toggle_text_color%22,%22open_toggle_text_color%22,%22body_link_text_color%22%93,%22gcid-0157c9e8-50f8-41bb-b9f9-1f2c22f48581%22:%91%22icon_color%22%93}&#8221; toggle_text_color=&#8221;gcid-ad629ad7-29bc-4d34-a428-476c380868ee&#8221; toggle_font=&#8221;|700|||||||&#8221; toggle_font_size=&#8221;25px&#8221; open=&#8221;off&#8221;]<\/p>\n<p>Y maes awyr agosaf yw Maes Awyr Birmingham. Mae llawer o fyfyrwyr rhyngwladol yn aml yn hedfan i faes awyr yn Llundain ac yna&#8217;n mynd ar dr\u00ean i Aberystwyth.<\/p>\n<p>[\/et_pb_accordion_item][\/et_pb_accordion][\/et_pb_column][\/et_pb_row][\/et_pb_section]<\/p>\n","protected":false},"excerpt":{"rendered":"<p>Your content goes here. Edit or remove this text inline or in the module Content settings. You can also style every aspect of this content in the module Design settings and even apply custom CSS to this text in the module Advanced settings.Darperir ar gyfer pob gallu cerddorol, o fyfyrwyr canolradd (gradd 7) i fyfyrwyr [&hellip;]<\/p>\n","protected":false},"author":34,"featured_media":0,"parent":0,"menu_order":0,"comment_status":"closed","ping_status":"closed","template":"","meta":{"_acf_changed":false,"_et_pb_use_builder":"on","_et_pb_old_content":"","_et_gb_content_width":"","footnotes":""},"class_list":["post-885","page","type-page","status-publish","hentry"],"acf":[],"_links":{"self":[{"href":"https:\/\/musicfestaberystwyth.org\/cy\/wp-json\/wp\/v2\/pages\/885","targetHints":{"allow":["GET"]}}],"collection":[{"href":"https:\/\/musicfestaberystwyth.org\/cy\/wp-json\/wp\/v2\/pages"}],"about":[{"href":"https:\/\/musicfestaberystwyth.org\/cy\/wp-json\/wp\/v2\/types\/page"}],"author":[{"embeddable":true,"href":"https:\/\/musicfestaberystwyth.org\/cy\/wp-json\/wp\/v2\/users\/34"}],"replies":[{"embeddable":true,"href":"https:\/\/musicfestaberystwyth.org\/cy\/wp-json\/wp\/v2\/comments?post=885"}],"version-history":[{"count":0,"href":"https:\/\/musicfestaberystwyth.org\/cy\/wp-json\/wp\/v2\/pages\/885\/revisions"}],"wp:attachment":[{"href":"https:\/\/musicfestaberystwyth.org\/cy\/wp-json\/wp\/v2\/media?parent=885"}],"curies":[{"name":"wp","href":"https:\/\/api.w.org\/{rel}","templated":true}]}}