{"id":818,"date":"2026-02-18T19:49:49","date_gmt":"2026-02-18T19:49:49","guid":{"rendered":"https:\/\/musicfestaberystwyth.org\/rhaglen-yr-wyl\/"},"modified":"2026-04-01T14:41:15","modified_gmt":"2026-04-01T13:41:15","slug":"rhaglen-yr-wyl","status":"publish","type":"page","link":"https:\/\/musicfestaberystwyth.org\/cy\/rhaglen-yr-wyl\/","title":{"rendered":"Rhaglen yr \u0174yl"},"content":{"rendered":"<p>[et_pb_section fb_built=&#8221;1&#8243; _builder_version=&#8221;4.27.4&#8243; _module_preset=&#8221;default&#8221; background_color=&#8221;#4fadd6&#8243; custom_padding=&#8221;||50px|||&#8221; global_colors_info=&#8221;{}&#8221;][et_pb_row _builder_version=&#8221;4.27.4&#8243; _module_preset=&#8221;default&#8221; width=&#8221;100%&#8221; max_width_tablet=&#8221;90%&#8221; max_width_phone=&#8221;85%&#8221; max_width_last_edited=&#8221;on|phone&#8221; global_colors_info=&#8221;{}&#8221;][et_pb_column type=&#8221;4_4&#8243; _builder_version=&#8221;4.27.4&#8243; _module_preset=&#8221;default&#8221; global_colors_info=&#8221;{}&#8221;][et_pb_heading title=&#8221;Rhaglen yr \u0174yl 2026&#8243; _builder_version=&#8221;4.27.4&#8243; _module_preset=&#8221;default&#8221; title_font=&#8221;||||||||&#8221; title_text_color=&#8221;gcid-c22116c1-81a4-4cbf-84dc-c3f928405165&#8243; title_font_size=&#8221;60px&#8221; title_font_size_tablet=&#8221;50px&#8221; title_font_size_phone=&#8221;46px&#8221; title_font_size_last_edited=&#8221;on|phone&#8221; global_colors_info=&#8221;{%22gcid-c22116c1-81a4-4cbf-84dc-c3f928405165%22:%91%22title_text_color%22%93}&#8221;][\/et_pb_heading][\/et_pb_column][\/et_pb_row][\/et_pb_section][et_pb_section fb_built=&#8221;1&#8243; _builder_version=&#8221;4.27.4&#8243; _module_preset=&#8221;default&#8221; custom_margin=&#8221;-1px|||||&#8221; custom_padding=&#8221;50px|||||&#8221; global_colors_info=&#8221;{}&#8221;][et_pb_row _builder_version=&#8221;4.27.4&#8243; _module_preset=&#8221;default&#8221; width=&#8221;100%&#8221; max_width_tablet=&#8221;90%&#8221; max_width_phone=&#8221;85%&#8221; max_width_last_edited=&#8221;on|phone&#8221; custom_margin=&#8221;-29px|auto||auto||&#8221; global_colors_info=&#8221;{}&#8221;][et_pb_column type=&#8221;4_4&#8243; _builder_version=&#8221;4.27.4&#8243; _module_preset=&#8221;default&#8221; global_colors_info=&#8221;{}&#8221;][et_pb_text _builder_version=&#8221;4.27.6&#8243; _module_preset=&#8221;default&#8221; header_2_text_color=&#8221;#FFFFFF&#8221; background_color=&#8221;#B25640&#8243; custom_padding=&#8221;30px||20px||false|false&#8221; animation_style=&#8221;fade&#8221; global_colors_info=&#8221;{}&#8221;]<\/p>\n<h2 style=\"text-align: center;\">Rhaglen Gwyl MusicFest<\/h2>\n<p>[\/et_pb_text][et_pb_text _builder_version=&#8221;4.27.6&#8243; _module_preset=&#8221;default&#8221; link_font=&#8221;||||on|||gcid-ad629ad7-29bc-4d34-a428-476c380868ee|&#8221; link_text_color=&#8221;gcid-ad629ad7-29bc-4d34-a428-476c380868ee&#8221; header_2_font=&#8221;||||||||&#8221; header_2_text_color=&#8221;#222B52&#8243; header_5_font=&#8221;|700|||||||&#8221; header_5_text_color=&#8221;gcid-ad629ad7-29bc-4d34-a428-476c380868ee&#8221; animation_style=&#8221;fade&#8221; global_colors_info=&#8221;{%22gcid-ad629ad7-29bc-4d34-a428-476c380868ee%22:%91%22header_5_text_color%22,%22link_text_color%22%93}&#8221;]<\/p>\n<p>Paratowch ar gyfer haf o brofiadau cerddorol bythgofiadwy yng Ng\u0175yl Gerdd Aberystwyth 2026! Mae ein cyngherddau a&#8217;n datganiadau yn cynnig rhaglen gyfoethog ac amrywiol, gan ddod \u00e2 pherfformwyr o&#8217;r radd flaenaf, s\u00ear sy&#8217;n codi, a chariadon cerddoriaeth ynghyd yng nghanol Cymru.<\/p>\n<p><\/p>\n<p>Gyda llawer o berfformiadau o&#8217;r radd flaenaf, disgwyliwch fwynhau cyngherddau yng Nghymru yn 2026 yn cynnwys cerddorion a cherddorfeydd o fri rhyngwladol. O gampweithiau clasurol i weithiau cyfoes, mae ein perfformiadau&#8217;n arddangos dyfnder y byd cerddorol.<\/p>\n<p><\/p>\n<p>Welwch dyfodol cerddoriaeth wrth i artistiaid sy&#8217;n dod i&#8217;r amlwg a myfyrwyr talentog o&#8217;n Hysgol Gerdd Haf gymryd y llwyfan. Mae eu perfformiadau&#8217;n cynnig cymysgedd unigryw o egni a sgiliau technegol.<\/p>\n<p>[\/et_pb_text][\/et_pb_column][\/et_pb_row][et_pb_row _builder_version=&#8221;4.27.6&#8243; _module_preset=&#8221;default&#8221; global_colors_info=&#8221;{}&#8221;][et_pb_column type=&#8221;4_4&#8243; _builder_version=&#8221;4.27.6&#8243; _module_preset=&#8221;default&#8221; global_colors_info=&#8221;{}&#8221;][et_pb_text _builder_version=&#8221;4.27.6&#8243; _module_preset=&#8221;default&#8221; global_colors_info=&#8221;{}&#8221;]<div class=\"em em-view-container\" id=\"em-view-456877977\" data-view=\"list\">\r\n\t<div class=\"em pixelbones em-list em-events-list\" id=\"em-events-list-456877977\" data-view-id=\"456877977\">\r\n\t<div class=\"em-event em-item \" style=\"--default-border:#80b538;\">\n\t<div class=\"em-item-image \">\n\t\t\n\t\t<img src='https:\/\/musicfestaberystwyth.org\/wp-content\/uploads\/2026\/03\/llyr-Williams.png' alt='Ll\u0177r Williams'\/>\n\t\t\n\t\t\n\t<\/div>\n\t<div class=\"em-item-info\">\n\t\t<h3 class=\"em-item-title\"><a href=\"https:\/\/musicfestaberystwyth.org\/cy\/events\/llyr-williams-3\/\">Ll\u0177r Williams<\/a><\/h3>\n\t\t\n\t\t<div class=\"em-event-meta em-item-meta\">\n\t\t\t<div class=\"em-item-meta-line em-event-date em-event-meta-datetime\">\n\t\t\t\t<span class=\"em-icon-calendar em-icon\"><\/span>\n\t\t\t\t18 July 2026&nbsp;&nbsp;&nbsp;&nbsp;\n\t\t\t<\/div>\n\t\t\t<div class=\"em-item-meta-line em-event-time em-event-meta-datetime\">\n\t\t\t\t<span class=\"em-icon-clock em-icon\"><\/span>\n\t\t\t\t7:00 pm - 9:30 pm\n\t\t\t<\/div>\n\t\t\t\n\t\t\t\n\t\t\t<div class=\"em-item-meta-line em-event-location\">\n\t\t\t\t<span class=\"em-icon-location em-icon\"><\/span>\n\t\t\t\t<a href=\"https:\/\/musicfestaberystwyth.org\/locations\/canolfan-y-celfyddydau-aberystwyth-2\/\">Canolfan y Celfyddydau Aberystwyth<\/a>\n\t\t\t<\/div>\n\t\t\t\n\t\t\t\n\t\t\t\n\t\t\t<div class=\"em-item-meta-line em-item-taxonomy em-event-categories\">\n\t\t\t\t<span class=\"em-icon-category em-icon\"><\/span>\n\t\t\t\t<div>\t<ul class=\"event-categories\">\r\n\t\t\t\t\t<li><a href=\"https:\/\/musicfestaberystwyth.org\/cy\/events\/categories\/concerts\/\">Concerts<\/a><\/li>\r\n\t\t\t<\/ul>\r\n\t<\/div>\n\t\t\t<\/div>\n\t\t\t\n\t\t\t\n\t\t<\/div>\n\t\t<div class=\"em-item-desc\">\n\t\t\tEdmygir y pianydd o Gymru Ll\u0177r Williams yn eang am ei ddeallusrwydd cerddorol dwfn ac am natur fynegiannol a chyfathrebol ei ddehongliadau. Mae ei raglen [...]\n\t\t<\/div>\n\t\t<div class=\"em-item-actions input\">\n\t\t\t<a class=\"em-item-read-more button\" href=\"https:\/\/musicfestaberystwyth.org\/cy\/events\/llyr-williams-3\/\">More Info<\/a>\n\t\t\t\n\t\t<\/div>\n\t<\/div>\n<\/div><div class=\"em-event em-item \" style=\"--default-border:#80b538;\">\n\t<div class=\"em-item-image \">\n\t\t\n\t\t<img src='https:\/\/musicfestaberystwyth.org\/wp-content\/uploads\/2026\/03\/llyr-Williams.png' alt='Ll\u0177r Williams'\/>\n\t\t\n\t\t\n\t<\/div>\n\t<div class=\"em-item-info\">\n\t\t<h3 class=\"em-item-title\"><a href=\"https:\/\/musicfestaberystwyth.org\/cy\/events\/llyr-williams\/\">Ll\u0177r Williams<\/a><\/h3>\n\t\t\n\t\t<div class=\"em-event-meta em-item-meta\">\n\t\t\t<div class=\"em-item-meta-line em-event-date em-event-meta-datetime\">\n\t\t\t\t<span class=\"em-icon-calendar em-icon\"><\/span>\n\t\t\t\t18 July 2026&nbsp;&nbsp;&nbsp;&nbsp;\n\t\t\t<\/div>\n\t\t\t<div class=\"em-item-meta-line em-event-time em-event-meta-datetime\">\n\t\t\t\t<span class=\"em-icon-clock em-icon\"><\/span>\n\t\t\t\t7:00 pm - 9:30 pm\n\t\t\t<\/div>\n\t\t\t\n\t\t\t\n\t\t\t<div class=\"em-item-meta-line em-event-location\">\n\t\t\t\t<span class=\"em-icon-location em-icon\"><\/span>\n\t\t\t\t<a href=\"https:\/\/musicfestaberystwyth.org\/locations\/great-hall-aberystwyth-arts-centre\/\">Great Hall, Aberystwyth Arts Centre<\/a>\n\t\t\t<\/div>\n\t\t\t\n\t\t\t\n\t\t\t\n\t\t\t\n\t\t<\/div>\n\t\t<div class=\"em-item-desc\">\n\t\t\tEdmygir y pianydd o Gymru Ll\u0177r Williams yn eang am ei ddeallusrwydd cerddorol dwfn ac am natur fynegiannol a chyfathrebol ei ddehongliadau. Mae ei raglen [...]\n\t\t<\/div>\n\t\t<div class=\"em-item-actions input\">\n\t\t\t<a class=\"em-item-read-more button\" href=\"https:\/\/musicfestaberystwyth.org\/cy\/events\/llyr-williams\/\">More Info<\/a>\n\t\t\t\n\t\t<\/div>\n\t<\/div>\n<\/div><div class=\"em-event em-item \" style=\"--default-border:#80b538;\">\n\t<div class=\"em-item-image \">\n\t\t\n\t\t<img src='https:\/\/musicfestaberystwyth.org\/wp-content\/uploads\/2026\/03\/VOCES8ScholarsBelgium2025.webp' alt='VOCES8 yn eglwys hanesyddol Llanbadarn'\/>\n\t\t\n\t\t\n\t<\/div>\n\t<div class=\"em-item-info\">\n\t\t<h3 class=\"em-item-title\"><a href=\"https:\/\/musicfestaberystwyth.org\/cy\/events\/voces8\/\">VOCES8 yn eglwys hanesyddol Llanbadarn<\/a><\/h3>\n\t\t\n\t\t<div class=\"em-event-meta em-item-meta\">\n\t\t\t<div class=\"em-item-meta-line em-event-date em-event-meta-datetime\">\n\t\t\t\t<span class=\"em-icon-calendar em-icon\"><\/span>\n\t\t\t\t19 July 2026&nbsp;&nbsp;&nbsp;&nbsp;\n\t\t\t<\/div>\n\t\t\t<div class=\"em-item-meta-line em-event-time em-event-meta-datetime\">\n\t\t\t\t<span class=\"em-icon-clock em-icon\"><\/span>\n\t\t\t\t7:00 pm - 8:15 pm\n\t\t\t<\/div>\n\t\t\t\n\t\t\t\n\t\t\t<div class=\"em-item-meta-line em-event-location\">\n\t\t\t\t<span class=\"em-icon-location em-icon\"><\/span>\n\t\t\t\t<a href=\"https:\/\/musicfestaberystwyth.org\/locations\/st-padarns-church-2\/\">St Padarn&#039;s Church,<\/a>\n\t\t\t<\/div>\n\t\t\t\n\t\t\t\n\t\t\t\n\t\t\t\n\t\t<\/div>\n\t\t<div class=\"em-item-desc\">\n\t\t\tVOCES8 Mae'r ensemble lleisiol Prydeinig VOCES8, a enwebwyd ar gyfer Gwobr Grammy, yn falch o ysbrydoli pobl trwy gerddoriaeth a rhannu llawenydd canu. Gan deithio'n [...]\n\t\t<\/div>\n\t\t<div class=\"em-item-actions input\">\n\t\t\t<a class=\"em-item-read-more button\" href=\"https:\/\/musicfestaberystwyth.org\/cy\/events\/voces8\/\">More Info<\/a>\n\t\t\t\n\t\t<\/div>\n\t<\/div>\n<\/div><div class=\"em-event em-item \" style=\"--default-border:#80b538;\">\n\t<div class=\"em-item-image \">\n\t\t\n\t\t<img src='https:\/\/musicfestaberystwyth.org\/wp-content\/uploads\/2026\/07\/Eurig-Salisbury.jpg' alt='Canu gwerin Cymru: Huw Morys &amp; Iolo Morganwg'\/>\n\t\t\n\t\t\n\t<\/div>\n\t<div class=\"em-item-info\">\n\t\t<h3 class=\"em-item-title\"><a href=\"https:\/\/musicfestaberystwyth.org\/cy\/events\/canu-gwerin-cymru-huw-morys-iolo-morganwg\/\">Canu gwerin Cymru: Huw Morys &amp; Iolo Morganwg<\/a><\/h3>\n\t\t\n\t\t<div class=\"em-event-meta em-item-meta\">\n\t\t\t<div class=\"em-item-meta-line em-event-date em-event-meta-datetime\">\n\t\t\t\t<span class=\"em-icon-calendar em-icon\"><\/span>\n\t\t\t\t20 July 2026&nbsp;&nbsp;&nbsp;&nbsp;\n\t\t\t<\/div>\n\t\t\t<div class=\"em-item-meta-line em-event-time em-event-meta-datetime\">\n\t\t\t\t<span class=\"em-icon-clock em-icon\"><\/span>\n\t\t\t\t1:00 pm - 2:00 pm\n\t\t\t<\/div>\n\t\t\t\n\t\t\t\n\t\t\t<div class=\"em-item-meta-line em-event-location\">\n\t\t\t\t<span class=\"em-icon-location em-icon\"><\/span>\n\t\t\t\t<a href=\"https:\/\/musicfestaberystwyth.org\/locations\/round-studio-aberystwyth-arts-centre\/\">Round Studio, Aberystwyth Arts Centre<\/a>\n\t\t\t<\/div>\n\t\t\t\n\t\t\t\n\t\t\t\n\t\t\t\n\t\t<\/div>\n\t\t<div class=\"em-item-desc\">\n\t\t\tBydd y bardd, Eurig Salisbury, a\u2019r telynor teires, Ceri Owen Jones, yn dathlu barddoniaeth Cymru a'i cherddoriaeth werinol\u00a0gyda chyflwyniad dwyieithog a blas ar ganu carolaidd [...]\n\t\t<\/div>\n\t\t<div class=\"em-item-actions input\">\n\t\t\t<a class=\"em-item-read-more button\" href=\"https:\/\/musicfestaberystwyth.org\/cy\/events\/canu-gwerin-cymru-huw-morys-iolo-morganwg\/\">More Info<\/a>\n\t\t\t\n\t\t<\/div>\n\t<\/div>\n<\/div><div class=\"em-event em-item \" style=\"--default-border:#80b538;\">\n\t<div class=\"em-item-image \">\n\t\t\n\t\t<img src='https:\/\/musicfestaberystwyth.org\/wp-content\/uploads\/2026\/02\/mello-cellos-1-scaled-1.jpg' alt='Perfformiadau unigol o gwrs Llinynnau'\/>\n\t\t\n\t\t\n\t<\/div>\n\t<div class=\"em-item-info\">\n\t\t<h3 class=\"em-item-title\"><a href=\"https:\/\/musicfestaberystwyth.org\/cy\/events\/perfformiadau-unigol-o-gwrs-llinynnau\/\">Perfformiadau unigol o gwrs Llinynnau<\/a><\/h3>\n\t\t\n\t\t<div class=\"em-event-meta em-item-meta\">\n\t\t\t<div class=\"em-item-meta-line em-event-date em-event-meta-datetime\">\n\t\t\t\t<span class=\"em-icon-calendar em-icon\"><\/span>\n\t\t\t\t20 July 2026&nbsp;&nbsp;&nbsp;&nbsp;\n\t\t\t<\/div>\n\t\t\t<div class=\"em-item-meta-line em-event-time em-event-meta-datetime\">\n\t\t\t\t<span class=\"em-icon-clock em-icon\"><\/span>\n\t\t\t\t6:00 pm - 7:00 pm\n\t\t\t<\/div>\n\t\t\t\n\t\t\t\n\t\t\t<div class=\"em-item-meta-line em-event-location\">\n\t\t\t\t<span class=\"em-icon-location em-icon\"><\/span>\n\t\t\t\t<a href=\"https:\/\/musicfestaberystwyth.org\/locations\/round-studio-aberystwyth-arts-centre\/\">Round Studio, Aberystwyth Arts Centre<\/a>\n\t\t\t<\/div>\n\t\t\t\n\t\t\t\n\t\t\t\n\t\t\t\n\t\t<\/div>\n\t\t<div class=\"em-item-desc\">\n\t\t\tYmunwch \u00e2 ni ar gyfer y cyngerdd byr hwn sy'n cynnwys perfformiadau unigol o gwrs Llinynnau Musicfest 2026, a gyflwynir gan yr Artistiaid Preswyl, Sigyn [...]\n\t\t<\/div>\n\t\t<div class=\"em-item-actions input\">\n\t\t\t<a class=\"em-item-read-more button\" href=\"https:\/\/musicfestaberystwyth.org\/cy\/events\/perfformiadau-unigol-o-gwrs-llinynnau\/\">More Info<\/a>\n\t\t\t\n\t\t<\/div>\n\t<\/div>\n<\/div><div class=\"em-event em-item \" style=\"--default-border:#80b538;\">\n\t<div class=\"em-item-image \">\n\t\t\n\t\t<img src='https:\/\/musicfestaberystwyth.org\/wp-content\/uploads\/2026\/03\/THERAILWAYCHILDREN_271025_photoRichardHubertSmith-6109-1536x1024-1.jpg' alt='The Railway Children'\/>\n\t\t\n\t\t\n\t<\/div>\n\t<div class=\"em-item-info\">\n\t\t<h3 class=\"em-item-title\"><a href=\"https:\/\/musicfestaberystwyth.org\/cy\/events\/the-railway-children\/\">The Railway Children<\/a><\/h3>\n\t\t\n\t\t<div class=\"em-event-meta em-item-meta\">\n\t\t\t<div class=\"em-item-meta-line em-event-date em-event-meta-datetime\">\n\t\t\t\t<span class=\"em-icon-calendar em-icon\"><\/span>\n\t\t\t\t20 July 2026&nbsp;&nbsp;&nbsp;&nbsp;\n\t\t\t<\/div>\n\t\t\t<div class=\"em-item-meta-line em-event-time em-event-meta-datetime\">\n\t\t\t\t<span class=\"em-icon-clock em-icon\"><\/span>\n\t\t\t\t7:00 pm - 10:00 pm\n\t\t\t<\/div>\n\t\t\t\n\t\t\t\n\t\t\t<div class=\"em-item-meta-line em-event-location\">\n\t\t\t\t<span class=\"em-icon-location em-icon\"><\/span>\n\t\t\t\t<a href=\"https:\/\/musicfestaberystwyth.org\/locations\/great-hall-aberystwyth-arts-centre\/\">Great Hall, Aberystwyth Arts Centre<\/a>\n\t\t\t<\/div>\n\t\t\t\n\t\t\t\n\t\t\t\n\t\t\t\n\t\t<\/div>\n\t\t<div class=\"em-item-desc\">\n\t\t\tOpera newydd gan Mark-Anthony Turnage\u00a0 a librettist, Rachael Hewer\u00a0yw \"The Railway Children\", wedi'i haddasu o lyfr plant clasurol Edith Nesbit, a\u2019i pherfformio am y tro [...]\n\t\t<\/div>\n\t\t<div class=\"em-item-actions input\">\n\t\t\t<a class=\"em-item-read-more button\" href=\"https:\/\/musicfestaberystwyth.org\/cy\/events\/the-railway-children\/\">More Info<\/a>\n\t\t\t\n\t\t<\/div>\n\t<\/div>\n<\/div><div class=\"em-event em-item \" style=\"--default-border:#80b538;\">\n\t<div class=\"em-item-image \">\n\t\t\n\t\t<img src='https:\/\/musicfestaberystwyth.org\/wp-content\/uploads\/2026\/02\/mello-cellos-1-scaled-1.jpg' alt='Perfformiadau unigol o gwrs Llinynnau'\/>\n\t\t\n\t\t\n\t<\/div>\n\t<div class=\"em-item-info\">\n\t\t<h3 class=\"em-item-title\"><a href=\"https:\/\/musicfestaberystwyth.org\/cy\/events\/perfformiadau-unigol-o-gwrs-llinynnau-2\/\">Perfformiadau unigol o gwrs Llinynnau<\/a><\/h3>\n\t\t\n\t\t<div class=\"em-event-meta em-item-meta\">\n\t\t\t<div class=\"em-item-meta-line em-event-date em-event-meta-datetime\">\n\t\t\t\t<span class=\"em-icon-calendar em-icon\"><\/span>\n\t\t\t\t21 July 2026&nbsp;&nbsp;&nbsp;&nbsp;\n\t\t\t<\/div>\n\t\t\t<div class=\"em-item-meta-line em-event-time em-event-meta-datetime\">\n\t\t\t\t<span class=\"em-icon-clock em-icon\"><\/span>\n\t\t\t\t6:00 pm - 7:00 pm\n\t\t\t<\/div>\n\t\t\t\n\t\t\t\n\t\t\t<div class=\"em-item-meta-line em-event-location\">\n\t\t\t\t<span class=\"em-icon-location em-icon\"><\/span>\n\t\t\t\t<a href=\"https:\/\/musicfestaberystwyth.org\/locations\/great-hall-aberystwyth-arts-centre\/\">Great Hall, Aberystwyth Arts Centre<\/a>\n\t\t\t<\/div>\n\t\t\t\n\t\t\t\n\t\t\t\n\t\t\t\n\t\t<\/div>\n\t\t<div class=\"em-item-desc\">\n\t\t\tYmunwch \u00e2 ni ar gyfer y cyngerdd byr hwn sy'n cynnwys perfformiadau unigol o gwrs Llinynnau Musicfest 2026, a gyflwynir gan yr Artistiaid Preswyl, Sigyn [...]\n\t\t<\/div>\n\t\t<div class=\"em-item-actions input\">\n\t\t\t<a class=\"em-item-read-more button\" href=\"https:\/\/musicfestaberystwyth.org\/cy\/events\/perfformiadau-unigol-o-gwrs-llinynnau-2\/\">More Info<\/a>\n\t\t\t\n\t\t<\/div>\n\t<\/div>\n<\/div><div class=\"em-event em-item \" style=\"--default-border:#80b538;\">\n\t<div class=\"em-item-image \">\n\t\t\n\t\t<img src='https:\/\/musicfestaberystwyth.org\/wp-content\/uploads\/2026\/03\/Tomos-Williams-image.png' alt='Tomos Williams'\/>\n\t\t\n\t\t\n\t<\/div>\n\t<div class=\"em-item-info\">\n\t\t<h3 class=\"em-item-title\"><a href=\"https:\/\/musicfestaberystwyth.org\/cy\/events\/tomos-williams\/\">Tomos Williams<\/a><\/h3>\n\t\t\n\t\t<div class=\"em-event-meta em-item-meta\">\n\t\t\t<div class=\"em-item-meta-line em-event-date em-event-meta-datetime\">\n\t\t\t\t<span class=\"em-icon-calendar em-icon\"><\/span>\n\t\t\t\t21 July 2026&nbsp;&nbsp;&nbsp;&nbsp;\n\t\t\t<\/div>\n\t\t\t<div class=\"em-item-meta-line em-event-time em-event-meta-datetime\">\n\t\t\t\t<span class=\"em-icon-clock em-icon\"><\/span>\n\t\t\t\t7:30 pm\n\t\t\t<\/div>\n\t\t\t\n\t\t\t\n\t\t\t<div class=\"em-item-meta-line em-event-location\">\n\t\t\t\t<span class=\"em-icon-location em-icon\"><\/span>\n\t\t\t\t<a href=\"https:\/\/musicfestaberystwyth.org\/locations\/great-hall-aberystwyth-arts-centre\/\">Great Hall, Aberystwyth Arts Centre<\/a>\n\t\t\t<\/div>\n\t\t\t\n\t\t\t\n\t\t\t\n\t\t\t\n\t\t<\/div>\n\t\t<div class=\"em-item-desc\">\n\t\t\tBydd\u00a0 y trwmpedwr Tomos Williams yn creu set jazz newydd arloesol mewn ymateb i 'Gerddi'r Plant' gan Waldo Williams. Mae'r band \u2018Blodeugerdd' yn cynnwys s\u00ear [...]\n\t\t<\/div>\n\t\t<div class=\"em-item-actions input\">\n\t\t\t<a class=\"em-item-read-more button\" href=\"https:\/\/musicfestaberystwyth.org\/cy\/events\/tomos-williams\/\">More Info<\/a>\n\t\t\t\n\t\t<\/div>\n\t<\/div>\n<\/div><div class=\"em-event em-item \" style=\"--default-border:#80b538;\">\n\t<div class=\"em-item-image \">\n\t\t\n\t\t<img src='https:\/\/musicfestaberystwyth.org\/wp-content\/uploads\/2026\/02\/mello-cellos-1-scaled-1.jpg' alt='Perfformiadau unigol o gwrs Llinynnau'\/>\n\t\t\n\t\t\n\t<\/div>\n\t<div class=\"em-item-info\">\n\t\t<h3 class=\"em-item-title\"><a href=\"https:\/\/musicfestaberystwyth.org\/cy\/events\/perfformiadau-unigol-o-gwrs-llinynnau-3\/\">Perfformiadau unigol o gwrs Llinynnau<\/a><\/h3>\n\t\t\n\t\t<div class=\"em-event-meta em-item-meta\">\n\t\t\t<div class=\"em-item-meta-line em-event-date em-event-meta-datetime\">\n\t\t\t\t<span class=\"em-icon-calendar em-icon\"><\/span>\n\t\t\t\t22 July 2026&nbsp;&nbsp;&nbsp;&nbsp;\n\t\t\t<\/div>\n\t\t\t<div class=\"em-item-meta-line em-event-time em-event-meta-datetime\">\n\t\t\t\t<span class=\"em-icon-clock em-icon\"><\/span>\n\t\t\t\t6:00 pm - 7:00 pm\n\t\t\t<\/div>\n\t\t\t\n\t\t\t\n\t\t\t<div class=\"em-item-meta-line em-event-location\">\n\t\t\t\t<span class=\"em-icon-location em-icon\"><\/span>\n\t\t\t\t<a href=\"https:\/\/musicfestaberystwyth.org\/locations\/great-hall-aberystwyth-arts-centre\/\">Great Hall, Aberystwyth Arts Centre<\/a>\n\t\t\t<\/div>\n\t\t\t\n\t\t\t\n\t\t\t\n\t\t\t\n\t\t<\/div>\n\t\t<div class=\"em-item-desc\">\n\t\t\tYmunwch \u00e2 ni ar gyfer y cyngerdd byr hwn sy'n cynnwys perfformiadau unigol o gwrs Llinynnau Musicfest 2026, a gyflwynir gan yr Artistiaid Preswyl, Sigyn [...]\n\t\t<\/div>\n\t\t<div class=\"em-item-actions input\">\n\t\t\t<a class=\"em-item-read-more button\" href=\"https:\/\/musicfestaberystwyth.org\/cy\/events\/perfformiadau-unigol-o-gwrs-llinynnau-3\/\">More Info<\/a>\n\t\t\t\n\t\t<\/div>\n\t<\/div>\n<\/div><div class=\"em-event em-item \" style=\"--default-border:#80b538;\">\n\t<div class=\"em-item-image \">\n\t\t\n\t\t<img src='https:\/\/musicfestaberystwyth.org\/wp-content\/uploads\/2026\/03\/Solem_Quartet_Ref_3196_Please_Credit_Rachel_Adams.jpg' alt='Pedwarawd Solem'\/>\n\t\t\n\t\t\n\t<\/div>\n\t<div class=\"em-item-info\">\n\t\t<h3 class=\"em-item-title\"><a href=\"https:\/\/musicfestaberystwyth.org\/cy\/events\/pedwarawd-solem\/\">Pedwarawd Solem<\/a><\/h3>\n\t\t\n\t\t<div class=\"em-event-meta em-item-meta\">\n\t\t\t<div class=\"em-item-meta-line em-event-date em-event-meta-datetime\">\n\t\t\t\t<span class=\"em-icon-calendar em-icon\"><\/span>\n\t\t\t\t22 July 2026&nbsp;&nbsp;&nbsp;&nbsp;\n\t\t\t<\/div>\n\t\t\t<div class=\"em-item-meta-line em-event-time em-event-meta-datetime\">\n\t\t\t\t<span class=\"em-icon-clock em-icon\"><\/span>\n\t\t\t\t7:30 pm - 9:30 pm\n\t\t\t<\/div>\n\t\t\t\n\t\t\t\n\t\t\t<div class=\"em-item-meta-line em-event-location\">\n\t\t\t\t<span class=\"em-icon-location em-icon\"><\/span>\n\t\t\t\t<a href=\"https:\/\/musicfestaberystwyth.org\/locations\/great-hall-aberystwyth-arts-centre\/\">Great Hall, Aberystwyth Arts Centre<\/a>\n\t\t\t<\/div>\n\t\t\t\n\t\t\t\n\t\t\t\n\t\t\t\n\t\t<\/div>\n\t\t<div class=\"em-item-desc\">\n\t\t\tMae\u2019r Pedwarawd yn ymfalch\u00efo mewn creu gwaith gwreiddiol a chyffrous, gan ddod \u00e2\u2019r genre pedwarawd llinynnol i lefydd annisgwyl, ac fel adfocadau balch dros gerddoriaeth [...]\n\t\t<\/div>\n\t\t<div class=\"em-item-actions input\">\n\t\t\t<a class=\"em-item-read-more button\" href=\"https:\/\/musicfestaberystwyth.org\/cy\/events\/pedwarawd-solem\/\">More Info<\/a>\n\t\t\t\n\t\t<\/div>\n\t<\/div>\n<\/div><div class=\"em-event em-item \" style=\"--default-border:#80b538;\">\n\t<div class=\"em-item-image \">\n\t\t\n\t\t<img src='https:\/\/musicfestaberystwyth.org\/wp-content\/uploads\/2026\/02\/mello-cellos-1-scaled-1.jpg' alt='Perfformiadau unigol o gwrs Llinynnau'\/>\n\t\t\n\t\t\n\t<\/div>\n\t<div class=\"em-item-info\">\n\t\t<h3 class=\"em-item-title\"><a href=\"https:\/\/musicfestaberystwyth.org\/cy\/events\/perfformiadau-unigol-o-gwrs-llinynnau-4\/\">Perfformiadau unigol o gwrs Llinynnau<\/a><\/h3>\n\t\t\n\t\t<div class=\"em-event-meta em-item-meta\">\n\t\t\t<div class=\"em-item-meta-line em-event-date em-event-meta-datetime\">\n\t\t\t\t<span class=\"em-icon-calendar em-icon\"><\/span>\n\t\t\t\t23 July 2026&nbsp;&nbsp;&nbsp;&nbsp;\n\t\t\t<\/div>\n\t\t\t<div class=\"em-item-meta-line em-event-time em-event-meta-datetime\">\n\t\t\t\t<span class=\"em-icon-clock em-icon\"><\/span>\n\t\t\t\t6:00 pm - 7:00 pm\n\t\t\t<\/div>\n\t\t\t\n\t\t\t\n\t\t\t<div class=\"em-item-meta-line em-event-location\">\n\t\t\t\t<span class=\"em-icon-location em-icon\"><\/span>\n\t\t\t\t<a href=\"https:\/\/musicfestaberystwyth.org\/locations\/great-hall-aberystwyth-arts-centre\/\">Great Hall, Aberystwyth Arts Centre<\/a>\n\t\t\t<\/div>\n\t\t\t\n\t\t\t\n\t\t\t\n\t\t\t\n\t\t<\/div>\n\t\t<div class=\"em-item-desc\">\n\t\t\tYmunwch \u00e2 ni ar gyfer y cyngerdd byr hwn sy'n cynnwys perfformiadau unigol o gwrs Llinynnau Musicfest 2026, a gyflwynir gan yr Artistiaid Preswyl, Sigyn [...]\n\t\t<\/div>\n\t\t<div class=\"em-item-actions input\">\n\t\t\t<a class=\"em-item-read-more button\" href=\"https:\/\/musicfestaberystwyth.org\/cy\/events\/perfformiadau-unigol-o-gwrs-llinynnau-4\/\">More Info<\/a>\n\t\t\t\n\t\t<\/div>\n\t<\/div>\n<\/div><div class=\"em-event em-item \" style=\"--default-border:#80b538;\">\n\t<div class=\"em-item-image \">\n\t\t\n\t\t<img src='https:\/\/musicfestaberystwyth.org\/wp-content\/uploads\/2026\/03\/Solem-Reich.jpg' alt='The Solem: Steve Reich - Kate Bush tr William Newell'\/>\n\t\t\n\t\t\n\t<\/div>\n\t<div class=\"em-item-info\">\n\t\t<h3 class=\"em-item-title\"><a href=\"https:\/\/musicfestaberystwyth.org\/cy\/events\/and-dream-of-sheep-kate-bush-tr-william-newell\/\">The Solem: Steve Reich - Kate Bush tr William Newell<\/a><\/h3>\n\t\t\n\t\t<div class=\"em-event-meta em-item-meta\">\n\t\t\t<div class=\"em-item-meta-line em-event-date em-event-meta-datetime\">\n\t\t\t\t<span class=\"em-icon-calendar em-icon\"><\/span>\n\t\t\t\t23 July 2026&nbsp;&nbsp;&nbsp;&nbsp;\n\t\t\t<\/div>\n\t\t\t<div class=\"em-item-meta-line em-event-time em-event-meta-datetime\">\n\t\t\t\t<span class=\"em-icon-clock em-icon\"><\/span>\n\t\t\t\t7:30 pm - 10:00 pm\n\t\t\t<\/div>\n\t\t\t\n\t\t\t\n\t\t\t<div class=\"em-item-meta-line em-event-location\">\n\t\t\t\t<span class=\"em-icon-location em-icon\"><\/span>\n\t\t\t\t<a href=\"https:\/\/musicfestaberystwyth.org\/cy\/locations\/arad-goch\/\">Arad Goch<\/a>\n\t\t\t<\/div>\n\t\t\t\n\t\t\t\n\t\t\t\n\t\t\t\n\t\t<\/div>\n\t\t<div class=\"em-item-desc\">\n\t\t\tMae Pedwarawd Solem ac Alice Zawadzki yn uno i ddathlu pen-blwydd Steve Reich yn 90 oed gyda rhaglen sy'n plethu hanes personol a chyfansoddi caneuon [...]\n\t\t<\/div>\n\t\t<div class=\"em-item-actions input\">\n\t\t\t<a class=\"em-item-read-more button\" href=\"https:\/\/musicfestaberystwyth.org\/cy\/events\/and-dream-of-sheep-kate-bush-tr-william-newell\/\">More Info<\/a>\n\t\t\t\n\t\t<\/div>\n\t<\/div>\n<\/div><div class=\"em-event em-item \" style=\"--default-border:#80b538;\">\n\t<div class=\"em-item-image \">\n\t\t\n\t\t<img src='https:\/\/musicfestaberystwyth.org\/wp-content\/uploads\/2026\/02\/mello-cellos-1-scaled-1.jpg' alt='Perfformiadau unigol o gwrs Llinynnau'\/>\n\t\t\n\t\t\n\t<\/div>\n\t<div class=\"em-item-info\">\n\t\t<h3 class=\"em-item-title\"><a href=\"https:\/\/musicfestaberystwyth.org\/cy\/events\/perfformiadau-unigol-o-gwrs-llinynnau-5\/\">Perfformiadau unigol o gwrs Llinynnau<\/a><\/h3>\n\t\t\n\t\t<div class=\"em-event-meta em-item-meta\">\n\t\t\t<div class=\"em-item-meta-line em-event-date em-event-meta-datetime\">\n\t\t\t\t<span class=\"em-icon-calendar em-icon\"><\/span>\n\t\t\t\t24 July 2026&nbsp;&nbsp;&nbsp;&nbsp;\n\t\t\t<\/div>\n\t\t\t<div class=\"em-item-meta-line em-event-time em-event-meta-datetime\">\n\t\t\t\t<span class=\"em-icon-clock em-icon\"><\/span>\n\t\t\t\t6:00 pm - 7:00 pm\n\t\t\t<\/div>\n\t\t\t\n\t\t\t\n\t\t\t<div class=\"em-item-meta-line em-event-location\">\n\t\t\t\t<span class=\"em-icon-location em-icon\"><\/span>\n\t\t\t\t<a href=\"https:\/\/musicfestaberystwyth.org\/locations\/great-hall-aberystwyth-arts-centre\/\">Great Hall, Aberystwyth Arts Centre<\/a>\n\t\t\t<\/div>\n\t\t\t\n\t\t\t\n\t\t\t\n\t\t\t\n\t\t<\/div>\n\t\t<div class=\"em-item-desc\">\n\t\t\tYmunwch \u00e2 ni ar gyfer y cyngerdd byr hwn sy'n cynnwys perfformiadau unigol o gwrs Llinynnau Musicfest 2026, a gyflwynir gan yr Artistiaid Preswyl, Sigyn [...]\n\t\t<\/div>\n\t\t<div class=\"em-item-actions input\">\n\t\t\t<a class=\"em-item-read-more button\" href=\"https:\/\/musicfestaberystwyth.org\/cy\/events\/perfformiadau-unigol-o-gwrs-llinynnau-5\/\">More Info<\/a>\n\t\t\t\n\t\t<\/div>\n\t<\/div>\n<\/div><div class=\"em-event em-item \" style=\"--default-border:#80b538;\">\n\t<div class=\"em-item-image \">\n\t\t\n\t\t<img src='https:\/\/musicfestaberystwyth.org\/wp-content\/uploads\/2026\/03\/Sinfonia-Cynru-HAIM-CHOI-EI8A9208-scaled.jpg' alt='Sinfonia Cymru: Cerddoriaeth Siambr ar Raddfa Fawr'\/>\n\t\t\n\t\t\n\t<\/div>\n\t<div class=\"em-item-info\">\n\t\t<h3 class=\"em-item-title\"><a href=\"https:\/\/musicfestaberystwyth.org\/cy\/events\/sinfonia-cymru-cerddoriaeth-siambr-ar-raddfa-fawr\/\">Sinfonia Cymru: Cerddoriaeth Siambr ar Raddfa Fawr<\/a><\/h3>\n\t\t\n\t\t<div class=\"em-event-meta em-item-meta\">\n\t\t\t<div class=\"em-item-meta-line em-event-date em-event-meta-datetime\">\n\t\t\t\t<span class=\"em-icon-calendar em-icon\"><\/span>\n\t\t\t\t24 July 2026&nbsp;&nbsp;&nbsp;&nbsp;\n\t\t\t<\/div>\n\t\t\t<div class=\"em-item-meta-line em-event-time em-event-meta-datetime\">\n\t\t\t\t<span class=\"em-icon-clock em-icon\"><\/span>\n\t\t\t\t7:30 pm - 10:00 pm\n\t\t\t<\/div>\n\t\t\t\n\t\t\t\n\t\t\t<div class=\"em-item-meta-line em-event-location\">\n\t\t\t\t<span class=\"em-icon-location em-icon\"><\/span>\n\t\t\t\t<a href=\"https:\/\/musicfestaberystwyth.org\/locations\/great-hall-aberystwyth-arts-centre\/\">Great Hall, Aberystwyth Arts Centre<\/a>\n\t\t\t<\/div>\n\t\t\t\n\t\t\t\n\t\t\t\n\t\t\t\n\t\t<\/div>\n\t\t<div class=\"em-item-desc\">\n\t\t\tWythawd, Noned, Dected a mwy - dyma gerddoriaeth siambr ar raddfa fawr. Mae arweinydd Sinfonia Cymru, Haim Choi, yn camu i\u2019r sbotolau i gyfarwyddo rhaglen [...]\n\t\t<\/div>\n\t\t<div class=\"em-item-actions input\">\n\t\t\t<a class=\"em-item-read-more button\" href=\"https:\/\/musicfestaberystwyth.org\/cy\/events\/sinfonia-cymru-cerddoriaeth-siambr-ar-raddfa-fawr\/\">More Info<\/a>\n\t\t\t\n\t\t<\/div>\n\t<\/div>\n<\/div><div class=\"em-event em-item \" style=\"--default-border:#80b538;\">\n\t<div class=\"em-item-image \">\n\t\t\n\t\t<img src='https:\/\/musicfestaberystwyth.org\/wp-content\/uploads\/2026\/03\/Philomusica.png' alt='Tir na N\u2019og'\/>\n\t\t\n\t\t\n\t<\/div>\n\t<div class=\"em-item-info\">\n\t\t<h3 class=\"em-item-title\"><a href=\"https:\/\/musicfestaberystwyth.org\/cy\/events\/tir-na-nog\/\">Tir na N\u2019og<\/a><\/h3>\n\t\t\n\t\t<div class=\"em-event-meta em-item-meta\">\n\t\t\t<div class=\"em-item-meta-line em-event-date em-event-meta-datetime\">\n\t\t\t\t<span class=\"em-icon-calendar em-icon\"><\/span>\n\t\t\t\t25 July 2026&nbsp;&nbsp;&nbsp;&nbsp;\n\t\t\t<\/div>\n\t\t\t<div class=\"em-item-meta-line em-event-time em-event-meta-datetime\">\n\t\t\t\t<span class=\"em-icon-clock em-icon\"><\/span>\n\t\t\t\t7:00 pm - 10:00 pm\n\t\t\t<\/div>\n\t\t\t\n\t\t\t\n\t\t\t<div class=\"em-item-meta-line em-event-location\">\n\t\t\t\t<span class=\"em-icon-location em-icon\"><\/span>\n\t\t\t\t<a href=\"https:\/\/musicfestaberystwyth.org\/locations\/great-hall-aberystwyth-arts-centre\/\">Great Hall, Aberystwyth Arts Centre<\/a>\n\t\t\t<\/div>\n\t\t\t\n\t\t\t\n\t\t\t\n\t\t\t\n\t\t<\/div>\n\t\t<div class=\"em-item-desc\">\n\t\t\tYn olaf, bydd cerddorfa gymunedol Philomusica Aberystwyth yn perfformio campwaith angof David de Lloyd o\u2019r 1930au, Tir na N\u2019og (gwlad ieuenctid tragwyddol), ochr yn ochr [...]\n\t\t<\/div>\n\t\t<div class=\"em-item-actions input\">\n\t\t\t<a class=\"em-item-read-more button\" href=\"https:\/\/musicfestaberystwyth.org\/cy\/events\/tir-na-nog\/\">More Info<\/a>\n\t\t\t\n\t\t<\/div>\n\t<\/div>\n<\/div>\t<\/div>\r\n<\/div>[\/et_pb_text][\/et_pb_column][\/et_pb_row][\/et_pb_section]<\/p>\n","protected":false},"excerpt":{"rendered":"<p>Rhaglen Gwyl MusicFestParatowch ar gyfer haf o brofiadau cerddorol bythgofiadwy yng Ng\u0175yl Gerdd Aberystwyth 2026! Mae ein cyngherddau a&#8217;n datganiadau yn cynnig rhaglen gyfoethog ac amrywiol, gan ddod \u00e2 pherfformwyr o&#8217;r radd flaenaf, s\u00ear sy&#8217;n codi, a chariadon cerddoriaeth ynghyd yng nghanol Cymru.Gyda llawer o berfformiadau o&#8217;r radd flaenaf, disgwyliwch fwynhau cyngherddau yng Nghymru yn [&hellip;]<\/p>\n","protected":false},"author":34,"featured_media":0,"parent":0,"menu_order":0,"comment_status":"closed","ping_status":"closed","template":"","meta":{"_acf_changed":false,"_et_pb_use_builder":"on","_et_pb_old_content":"","_et_gb_content_width":"","footnotes":""},"class_list":["post-818","page","type-page","status-publish","hentry"],"acf":[],"_links":{"self":[{"href":"https:\/\/musicfestaberystwyth.org\/cy\/wp-json\/wp\/v2\/pages\/818","targetHints":{"allow":["GET"]}}],"collection":[{"href":"https:\/\/musicfestaberystwyth.org\/cy\/wp-json\/wp\/v2\/pages"}],"about":[{"href":"https:\/\/musicfestaberystwyth.org\/cy\/wp-json\/wp\/v2\/types\/page"}],"author":[{"embeddable":true,"href":"https:\/\/musicfestaberystwyth.org\/cy\/wp-json\/wp\/v2\/users\/34"}],"replies":[{"embeddable":true,"href":"https:\/\/musicfestaberystwyth.org\/cy\/wp-json\/wp\/v2\/comments?post=818"}],"version-history":[{"count":0,"href":"https:\/\/musicfestaberystwyth.org\/cy\/wp-json\/wp\/v2\/pages\/818\/revisions"}],"wp:attachment":[{"href":"https:\/\/musicfestaberystwyth.org\/cy\/wp-json\/wp\/v2\/media?parent=818"}],"curies":[{"name":"wp","href":"https:\/\/api.w.org\/{rel}","templated":true}]}}